{"id":5174,"date":"2025-12-02T12:10:39","date_gmt":"2025-12-02T11:10:39","guid":{"rendered":"https:\/\/elpinar.eu\/produccion-de-plantas-variedades\/polca\/"},"modified":"2026-03-24T11:37:41","modified_gmt":"2026-03-24T10:37:41","slug":"polca","status":"publish","type":"plantas","link":"https:\/\/elpinar.eu\/pt-pt\/produccion-de-plantas-variedades\/portador-de-junho\/polca\/","title":{"rendered":"Polca"},"content":{"rendered":"\n<section class=\"wp-block-microbio-blocks-section-v2 section-left-wide-img-blood single-plantas--sticky-section has-grey-light-2-background-color has-background child-full section-align-start alignfull force-blood\" style=\"--min-height:0;--min-height-mobile:0\" data-animation-enter=\"alpha\">\n<div class=\"wp-block-microbio-blocks-grid grid-align-stretch grid-gap-none\">\n<div class=\"wp-block-microbio-blocks-grid-cell grid-row-1 grid-column-6 grid-column-mobile-4 section-left-wide-img-blood--content section-left-wide-img-blood--content--centered\" style=\"padding-top:var(--wp--preset--spacing--space-m);padding-bottom:var(--wp--preset--spacing--space-m);--mobile-order:\">\n<div class=\"wp-block-microbio-blocks-flex flex-align-start flex-justify-start flex-columns no-wrap theme-margins half-cell-width\" style=\"--custom-gap:32px\"><div class=\"taxonomy-tipo-planta wp-block-post-terms\"><a href=\"https:\/\/elpinar.eu\/pt-pt\/produccion-de-plantas-variedades\/portador-de-junho\/\" rel=\"tag\">Portador de Junho<\/a><\/div>\n\n\n<div class=\"wp-block-microbio-blocks-flex flex-align-start flex-justify-start flex-gap-0 flex-columns no-wrap theme-margins\" style=\"--custom-gap:0\">\n<h1 class=\"wp-block-heading\">Polca: o sabor do norte, com resist\u00eancia incompar\u00e1vel<\/h1>\n\n\n\n<p>&#8230;<\/p>\n<\/div>\n\n\n\n<a class=\"wp-block-microbio-blocks-button btn-size-default btn-icon\" style=\"margin-top:var(--wp--preset--spacing--space-m)\" target=\"\" href=\"https:\/\/elpinar.eu\/produccion-de-plantas-variedades\/\" rel=\"noopener\" title=\"Ver todas as variedades\"><span>Voltar a todas as variedades<\/span><svg width=\"15\" height=\"15\"><use xlink:href=\"\/wp-content\/themes\/el-pinar\/assets\/img\/el-pinar-icons.svg#arrow-up-right\"\/><\/svg><\/a>\n<\/div>\n<\/div>\n\n\n\n<div class=\"wp-block-microbio-blocks-grid-cell grid-row-1 grid-column-6 grid-column-mobile-4\" style=\"--mobile-order:-1\">\n<figure class=\"wp-block-image size-full w-100\"><img decoding=\"async\" width=\"1024\" height=\"680\" src=\"https:\/\/elpinar.eu\/wp-content\/uploads\/2025\/12\/Polka-001.webp\" alt=\"\" class=\"wp-image-4410\" srcset=\"https:\/\/elpinar.eu\/wp-content\/uploads\/2025\/12\/Polka-001.webp 1024w, https:\/\/elpinar.eu\/wp-content\/uploads\/2025\/12\/Polka-001-850x564.webp 850w, https:\/\/elpinar.eu\/wp-content\/uploads\/2025\/12\/Polka-001-300x199.webp 300w, https:\/\/elpinar.eu\/wp-content\/uploads\/2025\/12\/Polka-001-768x510.webp 768w, https:\/\/elpinar.eu\/wp-content\/uploads\/2025\/12\/Polka-001-500x332.webp 500w\" sizes=\"(max-width: 1024px) 100vw, 1024px\" \/><\/figure>\n<\/div>\n<\/div>\n<\/section>\n\n<section class=\"wp-block-microbio-blocks-section-v2 section-left-wide-img-blood single-plantas--sticky-section has-grey-light-2-background-color has-background child-full section-align-start alignfull force-blood\" style=\"--min-height:0;--min-height-mobile:0\" data-animation-enter=\"alpha\">\n<div class=\"wp-block-microbio-blocks-grid grid-align-stretch grid-gap-none\">\n<div class=\"wp-block-microbio-blocks-grid-cell grid-row-1 grid-column-6 grid-column-mobile-4 section-left-wide-img-blood--content section-left-wide-img-blood--content--table\" style=\"--mobile-order:\">\n<div class=\"wp-block-microbio-blocks-flex aligncenter flex-align-center flex-justify-start flex-columns no-wrap theme-margins table-header-cell has-primary-background-color has-background\" style=\"--custom-gap:32px\">\n<div class=\"wp-block-microbio-blocks-flex flex-align-start flex-justify-start flex-gap-0 half-cell-width\" style=\"--custom-gap:0\">\n<h2 class=\"wp-block-heading\">Ficha t\u00e9cnica t\u00e9cnica<\/h2>\n<\/div>\n<\/div>\n\n\n\n<div class=\"wp-block-microbio-blocks-flex flex-align-stretch flex-justify-start flex-gap-0 flex-columns no-wrap section-left-wide-img-blood--content--table--subgrid\" style=\"--custom-gap:0\">\n<div class=\"wp-block-microbio-blocks-flex aligncenter flex-align-center flex-justify-center no-wrap theme-margins\" style=\"--custom-gap:32px\">\n<div class=\"wp-block-microbio-blocks-flex aligncenter flex-align-center flex-justify-space-between flex-gap-0 no-wrap half-cell-width\" style=\"--custom-gap:0\">\n<h3 class=\"wp-block-heading has-heading-4-font-size\">Tipo de Produto:<\/h3>\n\n\n\n<p>Morango<\/p>\n<\/div>\n<\/div>\n\n\n\n<div class=\"wp-block-microbio-blocks-flex aligncenter flex-align-center flex-justify-center no-wrap theme-margins\" style=\"--custom-gap:32px\">\n<div class=\"wp-block-microbio-blocks-flex aligncenter flex-align-center flex-justify-space-between flex-gap-0 no-wrap half-cell-width\" style=\"--custom-gap:0\">\n<h3 class=\"wp-block-heading has-heading-4-font-size\">Tipo de variedade:<\/h3>\n\n\n\n<p>Portador de Junho<\/p>\n<\/div>\n<\/div>\n\n\n\n<div class=\"wp-block-microbio-blocks-flex aligncenter flex-align-center flex-justify-center no-wrap theme-margins\" style=\"--custom-gap:32px\">\n<div class=\"wp-block-microbio-blocks-flex aligncenter flex-align-center flex-justify-space-between flex-gap-0 no-wrap half-cell-width\" style=\"--custom-gap:0\">\n<h3 class=\"wp-block-heading has-heading-4-font-size\">Per\u00edodo de Produ\u00e7\u00e3o:<\/h3>\n\n\n\n<p>Esta\u00e7\u00e3o<\/p>\n<\/div>\n<\/div>\n\n\n\n<div class=\"wp-block-microbio-blocks-flex aligncenter flex-align-center flex-justify-center no-wrap theme-margins\" style=\"--custom-gap:32px\">\n<div class=\"wp-block-microbio-blocks-flex aligncenter flex-align-center flex-justify-space-between flex-gap-0 no-wrap half-cell-width\" style=\"--custom-gap:0\">\n<h3 class=\"wp-block-heading has-heading-4-font-size\">Tipo de Planta:<\/h3>\n\n\n\n<p>R\u00fastico e compacto<\/p>\n<\/div>\n<\/div>\n\n\n\n<div class=\"wp-block-microbio-blocks-flex aligncenter flex-align-center flex-justify-center no-wrap theme-margins\" style=\"--custom-gap:32px\">\n<div class=\"wp-block-microbio-blocks-flex aligncenter flex-align-center flex-justify-space-between flex-gap-0 no-wrap half-cell-width\" style=\"--custom-gap:0\">\n<h3 class=\"wp-block-heading has-heading-4-font-size\">Tamanho da fruta:<\/h3>\n\n\n\n<p>M\u00e9dio-Pequeno<\/p>\n<\/div>\n<\/div>\n\n\n\n<div class=\"wp-block-microbio-blocks-flex aligncenter flex-align-center flex-justify-center no-wrap theme-margins\" style=\"--custom-gap:32px\">\n<div class=\"wp-block-microbio-blocks-flex aligncenter flex-align-center flex-justify-space-between flex-gap-0 no-wrap half-cell-width\" style=\"--custom-gap:0\">\n<h3 class=\"wp-block-heading has-heading-4-font-size\">Forma do Fruto:<\/h3>\n\n\n\n<p>C\u00f3nico<\/p>\n<\/div>\n<\/div>\n\n\n\n<div class=\"wp-block-microbio-blocks-flex aligncenter flex-align-center flex-justify-center no-wrap theme-margins\" style=\"--custom-gap:32px\">\n<div class=\"wp-block-microbio-blocks-flex aligncenter flex-align-center flex-justify-space-between flex-gap-0 no-wrap half-cell-width\" style=\"--custom-gap:0\">\n<h3 class=\"wp-block-heading has-heading-4-font-size\">\u00c1rea de produ\u00e7\u00e3o:<\/h3>\n\n\n\n<p class=\"has-body-font-size\">Europa Central e do Norte.<\/p>\n<\/div>\n<\/div>\n<\/div>\n<\/div>\n\n\n\n<div class=\"wp-block-microbio-blocks-grid-cell grid-row-1 grid-column-6 grid-column-mobile-4\" style=\"--mobile-order:\">\n<figure class=\"wp-block-image size-full w-100\"><img decoding=\"async\" width=\"800\" height=\"533\" src=\"https:\/\/elpinar.eu\/wp-content\/uploads\/2025\/12\/Polka-002.webp\" alt=\"\" class=\"wp-image-4411\" srcset=\"https:\/\/elpinar.eu\/wp-content\/uploads\/2025\/12\/Polka-002.webp 800w, https:\/\/elpinar.eu\/wp-content\/uploads\/2025\/12\/Polka-002-300x200.webp 300w, https:\/\/elpinar.eu\/wp-content\/uploads\/2025\/12\/Polka-002-768x512.webp 768w, https:\/\/elpinar.eu\/wp-content\/uploads\/2025\/12\/Polka-002-500x333.webp 500w\" sizes=\"(max-width: 800px) 100vw, 800px\" \/><\/figure>\n<\/div>\n<\/div>\n<\/section>\n\n<section class=\"wp-block-microbio-blocks-section-v2 section-left-wide-img-blood single-plantas--sticky-section has-grey-light-2-background-color has-background child-full section-align-start alignfull force-blood\" style=\"--min-height:0;--min-height-mobile:0\" data-animation-enter=\"alpha\">\n<div class=\"wp-block-microbio-blocks-grid grid-align-stretch grid-gap-none\">\n<div class=\"wp-block-microbio-blocks-grid-cell grid-row-1 grid-column-6 grid-column-mobile-4 section-left-wide-img-blood--content section-left-wide-img-blood--content--centered\" style=\"padding-top:var(--wp--preset--spacing--space-m);padding-bottom:var(--wp--preset--spacing--space-m);--mobile-order:\">\n<div class=\"wp-block-microbio-blocks-flex flex-align-start flex-justify-start flex-gap-0 flex-columns no-wrap theme-margins half-cell-width\" style=\"--custom-gap:0\">\n<h2 class=\"wp-block-heading\">O que o torna especial<\/h2>\n\n\n\n<p>A polca \u00e9 uma variedade r\u00fastica e compacta de morango June bearer, especialmente adaptada aos climas frios da Europa Central e do Norte.<\/p>\n\n\n\n<p>Produz frutos de calibre m\u00e9dio-pequeno, com uma forma c\u00f3nica uniforme, uma cor vermelha intensa e um sabor excelente que o torna uma op\u00e7\u00e3o muito apreciada tanto para consumo fresco como para sumos.<\/p>\n\n\n\n<p>Para al\u00e9m do seu sabor e aroma distintivos, a Polka oferece elevados rendimentos e grande resist\u00eancia a temperaturas de congelamento, tornando-a especialmente fi\u00e1vel em latitudes mais exigentes.<\/p>\n<\/div>\n<\/div>\n\n\n\n<div class=\"wp-block-microbio-blocks-grid-cell grid-row-1 grid-column-6 grid-column-mobile-4\" style=\"--mobile-order:\">\n<div class=\"wp-block-microbio-blocks-before-after-slider fruit-before-after\">\n<div class=\"wp-block-microbio-blocks-flex flex-align-start flex-justify-start flex-gap-0 flex-columns no-wrap wp-block-microbio-blocks-before-after-slider--left\" style=\"--custom-gap:0\">\n<figure class=\"wp-block-image size-full\"><img decoding=\"async\" width=\"800\" height=\"533\" src=\"https:\/\/elpinar.eu\/wp-content\/uploads\/2025\/12\/Polka-003.webp\" alt=\"\" class=\"wp-image-4412\" srcset=\"https:\/\/elpinar.eu\/wp-content\/uploads\/2025\/12\/Polka-003.webp 800w, https:\/\/elpinar.eu\/wp-content\/uploads\/2025\/12\/Polka-003-300x200.webp 300w, https:\/\/elpinar.eu\/wp-content\/uploads\/2025\/12\/Polka-003-768x512.webp 768w, https:\/\/elpinar.eu\/wp-content\/uploads\/2025\/12\/Polka-003-500x333.webp 500w\" sizes=\"(max-width: 800px) 100vw, 800px\" \/><\/figure>\n<\/div>\n\n\n\n<div class=\"wp-block-microbio-blocks-flex flex-align-start flex-justify-start flex-gap-0 flex-columns no-wrap wp-block-microbio-blocks-before-after-slider--right\" style=\"--custom-gap:0\">\n<figure class=\"wp-block-image size-full\"><img decoding=\"async\" width=\"1024\" height=\"680\" src=\"https:\/\/elpinar.eu\/wp-content\/uploads\/2025\/12\/Polka-001.webp\" alt=\"\" class=\"wp-image-4410\" srcset=\"https:\/\/elpinar.eu\/wp-content\/uploads\/2025\/12\/Polka-001.webp 1024w, https:\/\/elpinar.eu\/wp-content\/uploads\/2025\/12\/Polka-001-850x564.webp 850w, https:\/\/elpinar.eu\/wp-content\/uploads\/2025\/12\/Polka-001-300x199.webp 300w, https:\/\/elpinar.eu\/wp-content\/uploads\/2025\/12\/Polka-001-768x510.webp 768w, https:\/\/elpinar.eu\/wp-content\/uploads\/2025\/12\/Polka-001-500x332.webp 500w\" sizes=\"(max-width: 1024px) 100vw, 1024px\" \/><\/figure>\n<\/div>\n\n\n\n<span class=\"wp-block-microbio-blocks-icon icon-size-default wp-block-microbio-blocks-before-after-slider--drag-icon\"><svg><use xlink:href=\"\/wp-content\/plugins\/microbio-blocks\/assets\/images\/icons-library.svg?ver=2.0.3#arrows-left-right\"\/><\/svg><\/span>\n<\/div>\n<\/div>\n<\/div>\n<\/section>\n\n<section class=\"wp-block-microbio-blocks-section-v2 section-left-wide-img-blood single-plantas--sticky-section has-grey-light-2-background-color has-background child-full section-align-start alignfull force-blood\" style=\"--min-height:0;--min-height-mobile:0\" data-animation-enter=\"alpha\">\n<div class=\"wp-block-microbio-blocks-grid grid-align-stretch grid-gap-none\">\n<div class=\"wp-block-microbio-blocks-grid-cell grid-row-1 grid-column-6 grid-column-mobile-4 section-left-wide-img-blood--content section-left-wide-img-blood--content--table\" style=\"--mobile-order:\">\n<div class=\"wp-block-microbio-blocks-flex aligncenter flex-align-center flex-justify-start flex-columns no-wrap theme-margins table-header-cell has-green-light-background-color has-background\" style=\"--custom-gap:32px\">\n<div class=\"wp-block-microbio-blocks-flex flex-align-start flex-justify-start flex-gap-0 half-cell-width\" style=\"--custom-gap:0\">\n<h2 class=\"wp-block-heading\">Benef\u00edcios para o agricultor<\/h2>\n<\/div>\n<\/div>\n\n\n\n<div class=\"wp-block-microbio-blocks-flex flex-align-stretch flex-justify-start flex-gap-0 flex-columns no-wrap section-left-wide-img-blood--content--table--subgrid\" style=\"--custom-gap:0\">\n<div class=\"wp-block-microbio-blocks-flex aligncenter flex-align-center flex-justify-center no-wrap theme-margins\" style=\"--custom-gap:32px\">\n<div class=\"wp-block-microbio-blocks-flex flex-align-stretch flex-justify-start flex-gap-0 no-wrap half-cell-width w-100\" style=\"--custom-gap:0\">\n<div class=\"wp-block-microbio-blocks-grid grid-align-center grid-gap-sm w-100 section-left-wide-img-blood--content--table--subgrid--icon-line\">\n<div class=\"wp-block-microbio-blocks-grid-cell grid-row-1 grid-column-2 grid-column-mobile-4\" style=\"--mobile-order:\">\n<span class=\"wp-block-microbio-blocks-icon icon-size-default has-secondary-color has-text-color has-link-color wp-elements-8a9f15a88f04a1f6cb2366ea5c11317a\"><svg><use xlink:href=\"\/wp-content\/themes\/el-pinar\/assets\/img\/el-pinar-icons.svg#arrow-up-right-dots\"\/><\/svg><\/span>\n<\/div>\n\n\n\n<div class=\"wp-block-microbio-blocks-grid-cell grid-row-1 grid-column-10 grid-column-mobile-4\" style=\"--mobile-order:\">\n<p><strong>Rendimentos elevados<\/strong> em climas frios.<\/p>\n<\/div>\n<\/div>\n<\/div>\n<\/div>\n\n\n\n<div class=\"wp-block-microbio-blocks-flex aligncenter flex-align-center flex-justify-center no-wrap theme-margins\" style=\"--custom-gap:32px\">\n<div class=\"wp-block-microbio-blocks-flex flex-align-stretch flex-justify-start flex-gap-0 no-wrap half-cell-width w-100\" style=\"--custom-gap:0\">\n<div class=\"wp-block-microbio-blocks-grid grid-align-center grid-gap-sm w-100 section-left-wide-img-blood--content--table--subgrid--icon-line\">\n<div class=\"wp-block-microbio-blocks-grid-cell grid-row-1 grid-column-2 grid-column-mobile-4\" style=\"--mobile-order:\">\n<span class=\"wp-block-microbio-blocks-icon icon-size-default has-secondary-color has-text-color has-link-color wp-elements-03427de6d61180d2f48cf5d4a59e3d6e\"><svg><use xlink:href=\"\/wp-content\/themes\/el-pinar\/assets\/img\/el-pinar-icons.svg#hand\"\/><\/svg><\/span>\n<\/div>\n\n\n\n<div class=\"wp-block-microbio-blocks-grid-cell grid-row-1 grid-column-10 grid-column-mobile-4\" style=\"--mobile-order:\">\n<p><strong>Resist\u00eancia comprovada<\/strong> a baixas temperaturas.<\/p>\n<\/div>\n<\/div>\n<\/div>\n<\/div>\n\n\n\n<div class=\"wp-block-microbio-blocks-flex aligncenter flex-align-center flex-justify-center no-wrap theme-margins\" style=\"--custom-gap:32px\">\n<div class=\"wp-block-microbio-blocks-flex flex-align-stretch flex-justify-start flex-gap-0 no-wrap half-cell-width w-100\" style=\"--custom-gap:0\">\n<div class=\"wp-block-microbio-blocks-grid grid-align-center grid-gap-sm w-100 section-left-wide-img-blood--content--table--subgrid--icon-line\">\n<div class=\"wp-block-microbio-blocks-grid-cell grid-row-1 grid-column-2 grid-column-mobile-4\" style=\"--mobile-order:\">\n<span class=\"wp-block-microbio-blocks-icon icon-size-default has-secondary-color has-text-color has-link-color wp-elements-e7e5d167b585df020a69c6aacd0c25b5\"><svg><use xlink:href=\"\/wp-content\/themes\/el-pinar\/assets\/img\/el-pinar-icons.svg#strawberry\"\/><\/svg><\/span>\n<\/div>\n\n\n\n<div class=\"wp-block-microbio-blocks-grid-cell grid-row-1 grid-column-10 grid-column-mobile-4\" style=\"--mobile-order:\">\n<p><strong>Fruto uniforme e atraente<\/strong>, com uma cor vermelha intensa.<\/p>\n<\/div>\n<\/div>\n<\/div>\n<\/div>\n\n\n\n<div class=\"wp-block-microbio-blocks-flex aligncenter flex-align-center flex-justify-center no-wrap theme-margins\" style=\"--custom-gap:32px\">\n<div class=\"wp-block-microbio-blocks-flex flex-align-stretch flex-justify-start flex-gap-0 no-wrap half-cell-width w-100\" style=\"--custom-gap:0\">\n<div class=\"wp-block-microbio-blocks-grid grid-align-center grid-gap-sm w-100 section-left-wide-img-blood--content--table--subgrid--icon-line\">\n<div class=\"wp-block-microbio-blocks-grid-cell grid-row-1 grid-column-2 grid-column-mobile-4\" style=\"--mobile-order:\">\n<span class=\"wp-block-microbio-blocks-icon icon-size-default has-secondary-color has-text-color has-link-color wp-elements-d714f0c8f2ae87cab66cb7725633aa03\"><svg><use xlink:href=\"\/wp-content\/themes\/el-pinar\/assets\/img\/el-pinar-icons.svg#hundred\"\/><\/svg><\/span>\n<\/div>\n\n\n\n<div class=\"wp-block-microbio-blocks-grid-cell grid-row-1 grid-column-10 grid-column-mobile-4\" style=\"--mobile-order:\">\n<p><strong>Versatilidade comercial<\/strong>, ideal tanto para l\u00edquidos frescos como para sumos.<\/p>\n<\/div>\n<\/div>\n<\/div>\n<\/div>\n<\/div>\n<\/div>\n\n\n\n<div class=\"wp-block-microbio-blocks-grid-cell grid-row-1 grid-column-6 grid-column-mobile-4 section-left-wide-img-blood--content section-left-wide-img-blood--content--table\" style=\"--mobile-order:\">\n<div class=\"wp-block-microbio-blocks-flex aligncenter flex-align-center flex-justify-start flex-columns no-wrap theme-margins table-header-cell has-pink-background-color has-background\" style=\"--custom-gap:32px\">\n<div class=\"wp-block-microbio-blocks-flex flex-align-start flex-justify-start flex-gap-0 half-cell-width\" style=\"--custom-gap:0\">\n<h2 class=\"wp-block-heading\">Especialistas e consumidores opinam<\/h2>\n<\/div>\n<\/div>\n\n\n\n<div class=\"wp-block-microbio-blocks-flex flex-align-stretch flex-justify-start flex-gap-0 flex-columns no-wrap section-left-wide-img-blood--content--table--subgrid\" style=\"--custom-gap:0\">\n<div class=\"wp-block-microbio-blocks-flex aligncenter flex-align-center flex-justify-center flex-columns no-wrap theme-margins\" style=\"--custom-gap:32px\">\n<div class=\"wp-block-microbio-blocks-flex flex-align-start flex-justify-start flex-gap-0 flex-columns theme-margins half-cell-width\" style=\"--custom-gap:0\">\n<h3 class=\"wp-block-heading\">Coment\u00e1rio do t\u00e9cnico<\/h3>\n\n\n\n<p class=\"has-grey-medium-1-color has-text-color has-link-color wp-elements-d7ec5e25eef29b76e0f84c8d7499b86c\">Especialista Agr\u00edcola<\/p>\n\n\n\n<p>A polca \u00e9 uma variedade produtiva desde que receba a fertiliza\u00e7\u00e3o adequada e as suas elevadas necessidades h\u00eddricas sejam satisfeitas.<\/p>\n<\/div>\n<\/div>\n\n\n\n<div class=\"wp-block-microbio-blocks-flex aligncenter flex-align-center flex-justify-center flex-columns no-wrap theme-margins\" style=\"--custom-gap:32px\">\n<div class=\"wp-block-microbio-blocks-flex flex-align-start flex-justify-start flex-gap-0 flex-columns no-wrap theme-margins half-cell-width\" style=\"--custom-gap:0\">\n<h3 class=\"wp-block-heading\">Coment\u00e1rio do Consumidor<\/h3>\n\n\n\n<p class=\"has-grey-medium-1-color has-text-color has-link-color wp-elements-949e54ec245400c1701ed0091e11b6ca\">Cliente satisfeito<\/p>\n\n\n\n<p>&#8220;Adoramos o sabor e o aroma da Polca.&#8221;<\/p>\n<\/div>\n<\/div>\n<\/div>\n<\/div>\n<\/div>\n<\/section>\n\n<section class=\"wp-block-microbio-blocks-section-v2 section-left-wide-img-blood single-plantas--sticky-section-last has-grey-light-2-background-color has-background child-full section-align-start alignfull force-blood\" style=\"--min-height:0;--min-height-mobile:0\" data-animation-enter=\"alpha\">\n<div class=\"wp-block-microbio-blocks-grid grid-align-stretch grid-gap-none\">\n<div class=\"wp-block-microbio-blocks-grid-cell grid-row-1 grid-column-6 grid-column-mobile-4 section-left-wide-img-blood--content section-left-wide-img-blood--content--table\" style=\"--mobile-order:\">\n<div class=\"wp-block-microbio-blocks-flex aligncenter flex-align-center flex-justify-start flex-columns no-wrap theme-margins table-header-cell has-primary-background-color has-background\" style=\"--custom-gap:32px\">\n<div class=\"wp-block-microbio-blocks-flex flex-align-start flex-justify-start flex-gap-0 half-cell-width\" style=\"--custom-gap:0\">\n<h2 class=\"wp-block-heading\">Ficha t\u00e9cnica t\u00e9cnica<\/h2>\n<\/div>\n<\/div>\n\n\n\n<div class=\"wp-block-microbio-blocks-flex flex-align-stretch flex-justify-start flex-gap-0 flex-columns no-wrap section-left-wide-img-blood--content--table--subgrid\" style=\"--custom-gap:0\">\n<div class=\"wp-block-microbio-blocks-flex aligncenter flex-align-center flex-justify-center no-wrap theme-margins\" style=\"--custom-gap:32px\">\n<div class=\"wp-block-microbio-blocks-flex aligncenter flex-align-center flex-justify-space-between flex-gap-0 no-wrap half-cell-width\" style=\"--custom-gap:0\">\n<h3 class=\"wp-block-heading has-heading-4-font-size\">Planta em vaso:<\/h3>\n\n\n\n<p>Novembro e dezembro<\/p>\n<\/div>\n<\/div>\n\n\n\n<div class=\"wp-block-microbio-blocks-flex aligncenter flex-align-center flex-justify-center no-wrap theme-margins\" style=\"--custom-gap:32px\">\n<div class=\"wp-block-microbio-blocks-flex aligncenter flex-align-center flex-justify-space-between flex-gap-0 no-wrap half-cell-width\" style=\"--custom-gap:0\">\n<h3 class=\"wp-block-heading has-heading-4-font-size\">Plante num vaso frigor\u00edfico:<\/h3>\n\n\n\n<p>Janeiro a Agosto<\/p>\n<\/div>\n<\/div>\n\n\n\n<div class=\"wp-block-microbio-blocks-flex aligncenter flex-align-center flex-justify-center no-wrap theme-margins\" style=\"--custom-gap:32px\">\n<div class=\"wp-block-microbio-blocks-flex aligncenter flex-align-center flex-justify-space-between flex-gap-0 no-wrap half-cell-width\" style=\"--custom-gap:0\">\n<h3 class=\"wp-block-heading has-heading-4-font-size\">Planta frigor\u00edfico:<\/h3>\n\n\n\n<p>Janeiro a Agosto<\/p>\n<\/div>\n<\/div>\n\n\n\n<div class=\"wp-block-microbio-blocks-flex aligncenter flex-align-center flex-justify-center no-wrap theme-margins\" style=\"--custom-gap:32px\">\n<div class=\"wp-block-microbio-blocks-flex aligncenter flex-align-center flex-justify-space-between flex-gap-0 no-wrap half-cell-width\" style=\"--custom-gap:0\">\n<h3 class=\"wp-block-heading has-heading-4-font-size\">Espera do ch\u00e3o da cama:<\/h3>\n\n\n\n<p>Junho a Agosto<\/p>\n<\/div>\n<\/div>\n<\/div>\n<\/div>\n\n\n\n<div class=\"wp-block-microbio-blocks-grid-cell grid-row-1 grid-column-6 grid-column-mobile-4 fruit-map-cell\" style=\"--mobile-order:\">\n<div class=\"wp-block-microbio-blocks-flex flex-align-start flex-justify-start flex-gap-0 flex-columns no-wrap flex-max-width flex-align-self-center theme-margins\" style=\"padding-top:var(--wp--preset--spacing--space-lg);padding-bottom:var(--wp--preset--spacing--space-lg);--custom-gap:0;--flex-max-width:var(--_half-cell-width)\">\n<h2 class=\"wp-block-heading\">Onde cultiv\u00e1-lo<\/h2>\n\n\n\n<p>A polca \u00e9 adequada para a Europa Central e do Norte, onde oferece o seu m\u00e1ximo potencial em condi\u00e7\u00f5es de frio.<\/p>\n<\/div>\n\n\n\n<figure class=\"wp-block-image size-full\"><img decoding=\"async\" width=\"960\" height=\"900\" src=\"https:\/\/elpinar.eu\/wp-content\/uploads\/2025\/12\/Mapa-variedad-june-bearer.svg\" alt=\"\" class=\"wp-image-4686\"\/><\/figure>\n<\/div>\n<\/div>\n<\/section>\n\n<section class=\"wp-block-microbio-blocks-section-v2 child-default section-align-center alignfull\" style=\"--min-height:400px;--min-height-mobile:400px;--focal:50% 50%;--focal-mobile:50% 50%\" data-animation-enter=\"alpha\"><figure class=\"wp-block-image size-full section-img-bg\"><img decoding=\"async\" width=\"1984\" height=\"1488\" src=\"https:\/\/elpinar.eu\/wp-content\/uploads\/2025\/10\/el-pinar-fresa-001.webp\" alt=\"\" class=\"wp-image-16\" srcset=\"https:\/\/elpinar.eu\/wp-content\/uploads\/2025\/10\/el-pinar-fresa-001.webp 1984w, https:\/\/elpinar.eu\/wp-content\/uploads\/2025\/10\/el-pinar-fresa-001-850x638.webp 850w, https:\/\/elpinar.eu\/wp-content\/uploads\/2025\/10\/el-pinar-fresa-001-1200x900.webp 1200w, https:\/\/elpinar.eu\/wp-content\/uploads\/2025\/10\/el-pinar-fresa-001-300x225.webp 300w, https:\/\/elpinar.eu\/wp-content\/uploads\/2025\/10\/el-pinar-fresa-001-768x576.webp 768w, https:\/\/elpinar.eu\/wp-content\/uploads\/2025\/10\/el-pinar-fresa-001-1024x768.webp 1024w, https:\/\/elpinar.eu\/wp-content\/uploads\/2025\/10\/el-pinar-fresa-001-1536x1152.webp 1536w, https:\/\/elpinar.eu\/wp-content\/uploads\/2025\/10\/el-pinar-fresa-001-500x375.webp 500w\" sizes=\"(max-width: 1984px) 100vw, 1984px\" \/><\/figure><\/section>\n\n<section class=\"wp-block-microbio-blocks-section-v2 svg-banner-bg has-pink-dark-background-color has-background child-wide section-align-center alignfull\" style=\"padding-top:var(--wp--preset--spacing--space-lg);padding-bottom:var(--wp--preset--spacing--space-lg);--min-height:0;--min-height-mobile:0;--focal:100% 54%;--focal-mobile:98% 50%\" data-animation-enter=\"alpha\"><figure class=\"wp-block-image size-full section-img-bg\"><img decoding=\"async\" width=\"650\" height=\"456\" src=\"https:\/\/elpinar.eu\/wp-content\/uploads\/2025\/11\/fresas-bg.svg\" alt=\"\" class=\"wp-image-209\"\/><\/figure>\n<div class=\"wp-block-microbio-blocks-flex flex-align-start flex-justify-start flex-gap-0 flex-columns no-wrap flex-max-width theme-margins\" style=\"--custom-gap:0;--flex-max-width:680px\">\n<h2 class=\"wp-block-heading\">Polca<\/h2>\n\n\n\n<p>Uma variedade robusta e fi\u00e1vel, capaz de resistir ao frio e oferecer um sabor intenso que domina em cada colheita.<\/p>\n\n\n\n<a class=\"wp-block-microbio-blocks-button btn-size-default btn-icon is-style-light\" target=\"\" href=\"\" rel=\"noopener\" title=\"\"><span>Contacte agora<\/span><svg width=\"15\" height=\"15\"><use xlink:href=\"\/wp-content\/themes\/el-pinar\/assets\/img\/el-pinar-icons.svg#arrow-up-right\"\/><\/svg><\/a>\n<\/div>\n<\/section>\n","protected":false},"excerpt":{"rendered":"","protected":false},"featured_media":5175,"menu_order":0,"template":"","meta":{"footnotes":""},"tipo-planta":[252],"class_list":["post-5174","plantas","type-plantas","status-publish","has-post-thumbnail","hentry","tipo-planta-portador-de-junho"],"_links":{"self":[{"href":"https:\/\/elpinar.eu\/pt-pt\/wp-json\/wp\/v2\/plantas\/5174","targetHints":{"allow":["GET"]}}],"collection":[{"href":"https:\/\/elpinar.eu\/pt-pt\/wp-json\/wp\/v2\/plantas"}],"about":[{"href":"https:\/\/elpinar.eu\/pt-pt\/wp-json\/wp\/v2\/types\/plantas"}],"version-history":[{"count":2,"href":"https:\/\/elpinar.eu\/pt-pt\/wp-json\/wp\/v2\/plantas\/5174\/revisions"}],"predecessor-version":[{"id":5181,"href":"https:\/\/elpinar.eu\/pt-pt\/wp-json\/wp\/v2\/plantas\/5174\/revisions\/5181"}],"wp:featuredmedia":[{"embeddable":true,"href":"https:\/\/elpinar.eu\/pt-pt\/wp-json\/wp\/v2\/media\/5175"}],"wp:attachment":[{"href":"https:\/\/elpinar.eu\/pt-pt\/wp-json\/wp\/v2\/media?parent=5174"}],"wp:term":[{"taxonomy":"tipo-planta","embeddable":true,"href":"https:\/\/elpinar.eu\/pt-pt\/wp-json\/wp\/v2\/tipo-planta?post=5174"}],"curies":[{"name":"wp","href":"https:\/\/api.w.org\/{rel}","templated":true}]}}