{"id":5237,"date":"2025-12-02T11:32:07","date_gmt":"2025-12-02T10:32:07","guid":{"rendered":"https:\/\/elpinar.eu\/produccion-de-plantas-variedades\/gariguette\/"},"modified":"2026-03-24T12:18:53","modified_gmt":"2026-03-24T11:18:53","slug":"gariguette","status":"publish","type":"plantas","link":"https:\/\/elpinar.eu\/it\/produccion-de-plantas-variedades\/portatore-di-giugno\/gariguette\/","title":{"rendered":"Gariguette"},"content":{"rendered":"\n<section class=\"wp-block-microbio-blocks-section-v2 section-left-wide-img-blood single-plantas--sticky-section has-grey-light-2-background-color has-background child-full section-align-start alignfull force-blood\" style=\"--min-height:0;--min-height-mobile:0\" data-animation-enter=\"alpha\">\n<div class=\"wp-block-microbio-blocks-grid grid-align-stretch grid-gap-none\">\n<div class=\"wp-block-microbio-blocks-grid-cell grid-row-1 grid-column-6 grid-column-mobile-4 section-left-wide-img-blood--content section-left-wide-img-blood--content--centered\" style=\"padding-top:var(--wp--preset--spacing--space-m);padding-bottom:var(--wp--preset--spacing--space-m);--mobile-order:\">\n<div class=\"wp-block-microbio-blocks-flex flex-align-start flex-justify-start flex-columns no-wrap theme-margins half-cell-width\" style=\"--custom-gap:32px\"><div class=\"taxonomy-tipo-planta wp-block-post-terms\"><a href=\"https:\/\/elpinar.eu\/it\/produzione-di-impianti\/portatore-di-giugno\/\" rel=\"tag\">Portatore di giugno<\/a><\/div>\n\n\n<div class=\"wp-block-microbio-blocks-flex flex-align-start flex-justify-start flex-gap-0 flex-columns no-wrap theme-margins\" style=\"--custom-gap:0\">\n<h1 class=\"wp-block-heading\">Gariguette: tradizione francese dal sapore unico<\/h1>\n\n\n\n<p>&#8230;<\/p>\n<\/div>\n\n\n\n<a class=\"wp-block-microbio-blocks-button btn-size-default btn-icon\" style=\"margin-top:var(--wp--preset--spacing--space-m)\" target=\"\" href=\"https:\/\/elpinar.eu\/produccion-de-plantas-variedades\/\" rel=\"noopener\" title=\"Vedi tutte le variet\u00e0\"><span>Ritorno a tutte le variet\u00e0<\/span><svg width=\"15\" height=\"15\"><use xlink:href=\"\/wp-content\/themes\/el-pinar\/assets\/img\/el-pinar-icons.svg#arrow-up-right\"\/><\/svg><\/a>\n<\/div>\n<\/div>\n\n\n\n<div class=\"wp-block-microbio-blocks-grid-cell grid-row-1 grid-column-6 grid-column-mobile-4\" style=\"--mobile-order:-1\">\n<figure class=\"wp-block-image size-full w-100\"><img decoding=\"async\" width=\"2000\" height=\"1500\" src=\"https:\/\/elpinar.eu\/wp-content\/uploads\/2025\/12\/Garriguette-56.webp\" alt=\"\" class=\"wp-image-4345\" srcset=\"https:\/\/elpinar.eu\/wp-content\/uploads\/2025\/12\/Garriguette-56.webp 2000w, https:\/\/elpinar.eu\/wp-content\/uploads\/2025\/12\/Garriguette-56-850x638.webp 850w, https:\/\/elpinar.eu\/wp-content\/uploads\/2025\/12\/Garriguette-56-1200x900.webp 1200w, https:\/\/elpinar.eu\/wp-content\/uploads\/2025\/12\/Garriguette-56-300x225.webp 300w, https:\/\/elpinar.eu\/wp-content\/uploads\/2025\/12\/Garriguette-56-768x576.webp 768w, https:\/\/elpinar.eu\/wp-content\/uploads\/2025\/12\/Garriguette-56-1024x768.webp 1024w, https:\/\/elpinar.eu\/wp-content\/uploads\/2025\/12\/Garriguette-56-1536x1152.webp 1536w, https:\/\/elpinar.eu\/wp-content\/uploads\/2025\/12\/Garriguette-56-500x375.webp 500w\" sizes=\"(max-width: 2000px) 100vw, 2000px\" \/><\/figure>\n<\/div>\n<\/div>\n<\/section>\n\n<section class=\"wp-block-microbio-blocks-section-v2 section-left-wide-img-blood single-plantas--sticky-section has-grey-light-2-background-color has-background child-full section-align-start alignfull force-blood\" style=\"--min-height:0;--min-height-mobile:0\" data-animation-enter=\"alpha\">\n<div class=\"wp-block-microbio-blocks-grid grid-align-stretch grid-gap-none\">\n<div class=\"wp-block-microbio-blocks-grid-cell grid-row-1 grid-column-6 grid-column-mobile-4 section-left-wide-img-blood--content section-left-wide-img-blood--content--table\" style=\"--mobile-order:\">\n<div class=\"wp-block-microbio-blocks-flex aligncenter flex-align-center flex-justify-start flex-columns no-wrap theme-margins table-header-cell has-primary-background-color has-background\" style=\"--custom-gap:32px\">\n<div class=\"wp-block-microbio-blocks-flex flex-align-start flex-justify-start flex-gap-0 half-cell-width\" style=\"--custom-gap:0\">\n<h2 class=\"wp-block-heading\">Scheda tecnica<\/h2>\n<\/div>\n<\/div>\n\n\n\n<div class=\"wp-block-microbio-blocks-flex flex-align-stretch flex-justify-start flex-gap-0 flex-columns no-wrap section-left-wide-img-blood--content--table--subgrid\" style=\"--custom-gap:0\">\n<div class=\"wp-block-microbio-blocks-flex aligncenter flex-align-center flex-justify-center no-wrap theme-margins\" style=\"--custom-gap:32px\">\n<div class=\"wp-block-microbio-blocks-flex aligncenter flex-align-center flex-justify-space-between flex-gap-0 no-wrap half-cell-width\" style=\"--custom-gap:0\">\n<h3 class=\"wp-block-heading has-heading-4-font-size\">Tipo di prodotto:<\/h3>\n\n\n\n<p>Fragola<\/p>\n<\/div>\n<\/div>\n\n\n\n<div class=\"wp-block-microbio-blocks-flex aligncenter flex-align-center flex-justify-center no-wrap theme-margins\" style=\"--custom-gap:32px\">\n<div class=\"wp-block-microbio-blocks-flex aligncenter flex-align-center flex-justify-space-between flex-gap-0 no-wrap half-cell-width\" style=\"--custom-gap:0\">\n<h3 class=\"wp-block-heading has-heading-4-font-size\">Tipo di variet\u00e0:<\/h3>\n\n\n\n<p>Portatore di giugno<\/p>\n<\/div>\n<\/div>\n\n\n\n<div class=\"wp-block-microbio-blocks-flex aligncenter flex-align-center flex-justify-center no-wrap theme-margins\" style=\"--custom-gap:32px\">\n<div class=\"wp-block-microbio-blocks-flex aligncenter flex-align-center flex-justify-space-between flex-gap-0 no-wrap half-cell-width\" style=\"--custom-gap:0\">\n<h3 class=\"wp-block-heading has-heading-4-font-size\">Periodo di produzione:<\/h3>\n\n\n\n<p>Stazione<\/p>\n<\/div>\n<\/div>\n\n\n\n<div class=\"wp-block-microbio-blocks-flex aligncenter flex-align-center flex-justify-center no-wrap theme-margins\" style=\"--custom-gap:32px\">\n<div class=\"wp-block-microbio-blocks-flex aligncenter flex-align-center flex-justify-space-between flex-gap-0 no-wrap half-cell-width\" style=\"--custom-gap:0\">\n<h3 class=\"wp-block-heading has-heading-4-font-size\">Tipo di pianta:<\/h3>\n\n\n\n<p>Trasporto verticale<\/p>\n<\/div>\n<\/div>\n\n\n\n<div class=\"wp-block-microbio-blocks-flex aligncenter flex-align-center flex-justify-center no-wrap theme-margins\" style=\"--custom-gap:32px\">\n<div class=\"wp-block-microbio-blocks-flex aligncenter flex-align-center flex-justify-space-between flex-gap-0 no-wrap half-cell-width\" style=\"--custom-gap:0\">\n<h3 class=\"wp-block-heading has-heading-4-font-size\">Dimensione del frutto:<\/h3>\n\n\n\n<p>Medium<\/p>\n<\/div>\n<\/div>\n\n\n\n<div class=\"wp-block-microbio-blocks-flex aligncenter flex-align-center flex-justify-center no-wrap theme-margins\" style=\"--custom-gap:32px\">\n<div class=\"wp-block-microbio-blocks-flex aligncenter flex-align-center flex-justify-space-between flex-gap-0 no-wrap half-cell-width\" style=\"--custom-gap:0\">\n<h3 class=\"wp-block-heading has-heading-4-font-size\">Forma del frutto:<\/h3>\n\n\n\n<p>Conico-allungato<\/p>\n<\/div>\n<\/div>\n\n\n\n<div class=\"wp-block-microbio-blocks-flex aligncenter flex-align-center flex-justify-center no-wrap theme-margins\" style=\"--custom-gap:32px\">\n<div class=\"wp-block-microbio-blocks-flex aligncenter flex-align-center flex-justify-space-between flex-gap-0 no-wrap half-cell-width\" style=\"--custom-gap:0\">\n<h3 class=\"wp-block-heading has-heading-4-font-size\">Area di produzione:<\/h3>\n\n\n\n<p class=\"has-body-font-size\">Europa centrale e settentrionale<\/p>\n<\/div>\n<\/div>\n<\/div>\n<\/div>\n\n\n\n<div class=\"wp-block-microbio-blocks-grid-cell grid-row-1 grid-column-6 grid-column-mobile-4\" style=\"--mobile-order:\">\n<figure class=\"wp-block-image size-full w-100\"><img decoding=\"async\" width=\"2000\" height=\"1500\" src=\"https:\/\/elpinar.eu\/wp-content\/uploads\/2025\/12\/Garriguette-08.webp\" alt=\"\" class=\"wp-image-4346\" srcset=\"https:\/\/elpinar.eu\/wp-content\/uploads\/2025\/12\/Garriguette-08.webp 2000w, https:\/\/elpinar.eu\/wp-content\/uploads\/2025\/12\/Garriguette-08-850x638.webp 850w, https:\/\/elpinar.eu\/wp-content\/uploads\/2025\/12\/Garriguette-08-1200x900.webp 1200w, https:\/\/elpinar.eu\/wp-content\/uploads\/2025\/12\/Garriguette-08-300x225.webp 300w, https:\/\/elpinar.eu\/wp-content\/uploads\/2025\/12\/Garriguette-08-768x576.webp 768w, https:\/\/elpinar.eu\/wp-content\/uploads\/2025\/12\/Garriguette-08-1024x768.webp 1024w, https:\/\/elpinar.eu\/wp-content\/uploads\/2025\/12\/Garriguette-08-1536x1152.webp 1536w, https:\/\/elpinar.eu\/wp-content\/uploads\/2025\/12\/Garriguette-08-500x375.webp 500w\" sizes=\"(max-width: 2000px) 100vw, 2000px\" \/><\/figure>\n<\/div>\n<\/div>\n<\/section>\n\n<section class=\"wp-block-microbio-blocks-section-v2 section-left-wide-img-blood single-plantas--sticky-section has-grey-light-2-background-color has-background child-full section-align-start alignfull force-blood\" style=\"--min-height:0;--min-height-mobile:0\" data-animation-enter=\"alpha\">\n<div class=\"wp-block-microbio-blocks-grid grid-align-stretch grid-gap-none\">\n<div class=\"wp-block-microbio-blocks-grid-cell grid-row-1 grid-column-6 grid-column-mobile-4 section-left-wide-img-blood--content section-left-wide-img-blood--content--centered\" style=\"padding-top:var(--wp--preset--spacing--space-m);padding-bottom:var(--wp--preset--spacing--space-m);--mobile-order:\">\n<div class=\"wp-block-microbio-blocks-flex flex-align-start flex-justify-start flex-gap-0 flex-columns no-wrap theme-margins half-cell-width\" style=\"--custom-gap:0\">\n<h2 class=\"wp-block-heading\">Cosa lo rende speciale<\/h2>\n\n\n\n<p>La gariguette \u00e8 la variet\u00e0 di fragole June Bearer pi\u00f9 riconosciuta in Francia, dove tradizionalmente segna l&#8217;inizio della stagione locale delle fragole.<\/p>\n\n\n\n<p>I suoi frutti, di media calibro e forma conica-allungata, sono molto apprezzati dai consumatori per il loro profilo sensoriale unico: un sapore acido caratteristico e una presentazione elegante che la distinguono da qualsiasi altra variet\u00e0.<\/p>\n\n\n\n<p>Con una corretta gestione della luce, della temperatura e dei fertilizzanti, Gariguette offre rese abbondanti e stabili, rendendola una scelta sicura nell&#8217;Europa centrale e settentrionale.<\/p>\n<\/div>\n<\/div>\n\n\n\n<div class=\"wp-block-microbio-blocks-grid-cell grid-row-1 grid-column-6 grid-column-mobile-4\" style=\"--mobile-order:\">\n<div class=\"wp-block-microbio-blocks-before-after-slider fruit-before-after\">\n<div class=\"wp-block-microbio-blocks-flex flex-align-start flex-justify-start flex-gap-0 flex-columns no-wrap wp-block-microbio-blocks-before-after-slider--left\" style=\"--custom-gap:0\">\n<figure class=\"wp-block-image size-large\"><img decoding=\"async\" width=\"1024\" height=\"768\" src=\"https:\/\/elpinar.eu\/wp-content\/uploads\/2025\/12\/Garriguette-10-1024x768.webp\" alt=\"\" class=\"wp-image-4347\" srcset=\"https:\/\/elpinar.eu\/wp-content\/uploads\/2025\/12\/Garriguette-10-1024x768.webp 1024w, https:\/\/elpinar.eu\/wp-content\/uploads\/2025\/12\/Garriguette-10-850x638.webp 850w, https:\/\/elpinar.eu\/wp-content\/uploads\/2025\/12\/Garriguette-10-1200x900.webp 1200w, https:\/\/elpinar.eu\/wp-content\/uploads\/2025\/12\/Garriguette-10-300x225.webp 300w, https:\/\/elpinar.eu\/wp-content\/uploads\/2025\/12\/Garriguette-10-768x576.webp 768w, https:\/\/elpinar.eu\/wp-content\/uploads\/2025\/12\/Garriguette-10-1536x1152.webp 1536w, https:\/\/elpinar.eu\/wp-content\/uploads\/2025\/12\/Garriguette-10-500x375.webp 500w, https:\/\/elpinar.eu\/wp-content\/uploads\/2025\/12\/Garriguette-10.webp 2000w\" sizes=\"(max-width: 1024px) 100vw, 1024px\" \/><\/figure>\n<\/div>\n\n\n\n<div class=\"wp-block-microbio-blocks-flex flex-align-start flex-justify-start flex-gap-0 flex-columns no-wrap wp-block-microbio-blocks-before-after-slider--right\" style=\"--custom-gap:0\">\n<figure class=\"wp-block-image size-large\"><img decoding=\"async\" width=\"1024\" height=\"768\" src=\"https:\/\/elpinar.eu\/wp-content\/uploads\/2025\/12\/Garriguette-06-1024x768.webp\" alt=\"\" class=\"wp-image-4348\" srcset=\"https:\/\/elpinar.eu\/wp-content\/uploads\/2025\/12\/Garriguette-06-1024x768.webp 1024w, https:\/\/elpinar.eu\/wp-content\/uploads\/2025\/12\/Garriguette-06-850x638.webp 850w, https:\/\/elpinar.eu\/wp-content\/uploads\/2025\/12\/Garriguette-06-1200x900.webp 1200w, https:\/\/elpinar.eu\/wp-content\/uploads\/2025\/12\/Garriguette-06-300x225.webp 300w, https:\/\/elpinar.eu\/wp-content\/uploads\/2025\/12\/Garriguette-06-768x576.webp 768w, https:\/\/elpinar.eu\/wp-content\/uploads\/2025\/12\/Garriguette-06-1536x1152.webp 1536w, https:\/\/elpinar.eu\/wp-content\/uploads\/2025\/12\/Garriguette-06-500x375.webp 500w, https:\/\/elpinar.eu\/wp-content\/uploads\/2025\/12\/Garriguette-06.webp 2000w\" sizes=\"(max-width: 1024px) 100vw, 1024px\" \/><\/figure>\n<\/div>\n\n\n\n<span class=\"wp-block-microbio-blocks-icon icon-size-default wp-block-microbio-blocks-before-after-slider--drag-icon\"><svg><use xlink:href=\"\/wp-content\/plugins\/microbio-blocks\/assets\/images\/icons-library.svg?ver=2.0.3#arrows-left-right\"\/><\/svg><\/span>\n<\/div>\n<\/div>\n<\/div>\n<\/section>\n\n<section class=\"wp-block-microbio-blocks-section-v2 section-left-wide-img-blood single-plantas--sticky-section has-grey-light-2-background-color has-background child-full section-align-start alignfull force-blood\" style=\"--min-height:0;--min-height-mobile:0\" data-animation-enter=\"alpha\">\n<div class=\"wp-block-microbio-blocks-grid grid-align-stretch grid-gap-none\">\n<div class=\"wp-block-microbio-blocks-grid-cell grid-row-1 grid-column-6 grid-column-mobile-4 section-left-wide-img-blood--content section-left-wide-img-blood--content--table\" style=\"--mobile-order:\">\n<div class=\"wp-block-microbio-blocks-flex aligncenter flex-align-center flex-justify-start flex-columns no-wrap theme-margins table-header-cell has-green-light-background-color has-background\" style=\"--custom-gap:32px\">\n<div class=\"wp-block-microbio-blocks-flex flex-align-start flex-justify-start flex-gap-0 half-cell-width\" style=\"--custom-gap:0\">\n<h2 class=\"wp-block-heading\">Benefici per l&#8217;agricoltore<\/h2>\n<\/div>\n<\/div>\n\n\n\n<div class=\"wp-block-microbio-blocks-flex flex-align-stretch flex-justify-start flex-gap-0 flex-columns no-wrap section-left-wide-img-blood--content--table--subgrid\" style=\"--custom-gap:0\">\n<div class=\"wp-block-microbio-blocks-flex aligncenter flex-align-center flex-justify-center no-wrap theme-margins\" style=\"--custom-gap:32px\">\n<div class=\"wp-block-microbio-blocks-flex flex-align-stretch flex-justify-start flex-gap-0 no-wrap half-cell-width w-100\" style=\"--custom-gap:0\">\n<div class=\"wp-block-microbio-blocks-grid grid-align-center grid-gap-sm w-100 section-left-wide-img-blood--content--table--subgrid--icon-line\">\n<div class=\"wp-block-microbio-blocks-grid-cell grid-row-1 grid-column-2 grid-column-mobile-4\" style=\"--mobile-order:\">\n<span class=\"wp-block-microbio-blocks-icon icon-size-default has-secondary-color has-text-color has-link-color wp-elements-8a9f15a88f04a1f6cb2366ea5c11317a\"><svg><use xlink:href=\"\/wp-content\/themes\/el-pinar\/assets\/img\/el-pinar-icons.svg#arrow-up-right-dots\"\/><\/svg><\/span>\n<\/div>\n\n\n\n<div class=\"wp-block-microbio-blocks-grid-cell grid-row-1 grid-column-10 grid-column-mobile-4\" style=\"--mobile-order:\">\n<p>Produzione abbondante e costante con corretta maneggevolezza.<\/p>\n<\/div>\n<\/div>\n<\/div>\n<\/div>\n\n\n\n<div class=\"wp-block-microbio-blocks-flex aligncenter flex-align-center flex-justify-center no-wrap theme-margins\" style=\"--custom-gap:32px\">\n<div class=\"wp-block-microbio-blocks-flex flex-align-stretch flex-justify-start flex-gap-0 no-wrap half-cell-width w-100\" style=\"--custom-gap:0\">\n<div class=\"wp-block-microbio-blocks-grid grid-align-center grid-gap-sm w-100 section-left-wide-img-blood--content--table--subgrid--icon-line\">\n<div class=\"wp-block-microbio-blocks-grid-cell grid-row-1 grid-column-2 grid-column-mobile-4\" style=\"--mobile-order:\">\n<span class=\"wp-block-microbio-blocks-icon icon-size-default has-secondary-color has-text-color has-link-color wp-elements-f268e56be577b808f2cf8559c451efa4\"><svg><use xlink:href=\"\/wp-content\/themes\/el-pinar\/assets\/img\/el-pinar-icons.svg#diamond\"\/><\/svg><\/span>\n<\/div>\n\n\n\n<div class=\"wp-block-microbio-blocks-grid-cell grid-row-1 grid-column-10 grid-column-mobile-4\" style=\"--mobile-order:\">\n<p>Frutto differenziale grazie al suo sapore acido e alla forma allungata.<\/p>\n<\/div>\n<\/div>\n<\/div>\n<\/div>\n\n\n\n<div class=\"wp-block-microbio-blocks-flex aligncenter flex-align-center flex-justify-center no-wrap theme-margins\" style=\"--custom-gap:32px\">\n<div class=\"wp-block-microbio-blocks-flex flex-align-stretch flex-justify-start flex-gap-0 no-wrap half-cell-width w-100\" style=\"--custom-gap:0\">\n<div class=\"wp-block-microbio-blocks-grid grid-align-center grid-gap-sm w-100 section-left-wide-img-blood--content--table--subgrid--icon-line\">\n<div class=\"wp-block-microbio-blocks-grid-cell grid-row-1 grid-column-2 grid-column-mobile-4\" style=\"--mobile-order:\">\n<span class=\"wp-block-microbio-blocks-icon icon-size-default has-secondary-color has-text-color has-link-color wp-elements-f1230cb2849fb00be97dac0c48cb14c4\"><svg><use xlink:href=\"\/wp-content\/themes\/el-pinar\/assets\/img\/el-pinar-icons.svg#earth\"\/><\/svg><\/span>\n<\/div>\n\n\n\n<div class=\"wp-block-microbio-blocks-grid-cell grid-row-1 grid-column-10 grid-column-mobile-4\" style=\"--mobile-order:\">\n<p>Grande accettazione nel mercato francese, con un forte riconoscimento tra i consumatori.<\/p>\n<\/div>\n<\/div>\n<\/div>\n<\/div>\n\n\n\n<div class=\"wp-block-microbio-blocks-flex aligncenter flex-align-center flex-justify-center no-wrap theme-margins\" style=\"--custom-gap:32px\">\n<div class=\"wp-block-microbio-blocks-flex flex-align-stretch flex-justify-start flex-gap-0 no-wrap half-cell-width w-100\" style=\"--custom-gap:0\">\n<div class=\"wp-block-microbio-blocks-grid grid-align-center grid-gap-sm w-100 section-left-wide-img-blood--content--table--subgrid--icon-line\">\n<div class=\"wp-block-microbio-blocks-grid-cell grid-row-1 grid-column-2 grid-column-mobile-4\" style=\"--mobile-order:\">\n<span class=\"wp-block-microbio-blocks-icon icon-size-default has-secondary-color has-text-color has-link-color wp-elements-e7e5d167b585df020a69c6aacd0c25b5\"><svg><use xlink:href=\"\/wp-content\/themes\/el-pinar\/assets\/img\/el-pinar-icons.svg#strawberry\"\/><\/svg><\/span>\n<\/div>\n\n\n\n<div class=\"wp-block-microbio-blocks-grid-cell grid-row-1 grid-column-10 grid-column-mobile-4\" style=\"--mobile-order:\">\n<p>Variet\u00e0 iconica, collegata all&#8217;inizio della stagione locale delle fragole.<\/p>\n<\/div>\n<\/div>\n<\/div>\n<\/div>\n<\/div>\n<\/div>\n\n\n\n<div class=\"wp-block-microbio-blocks-grid-cell grid-row-1 grid-column-6 grid-column-mobile-4 section-left-wide-img-blood--content section-left-wide-img-blood--content--table\" style=\"--mobile-order:\">\n<div class=\"wp-block-microbio-blocks-flex aligncenter flex-align-center flex-justify-start flex-columns no-wrap theme-margins table-header-cell has-pink-background-color has-background\" style=\"--custom-gap:32px\">\n<div class=\"wp-block-microbio-blocks-flex flex-align-start flex-justify-start flex-gap-0 half-cell-width\" style=\"--custom-gap:0\">\n<h2 class=\"wp-block-heading\">Esperti e consumatori esprimono la loro opinione<\/h2>\n<\/div>\n<\/div>\n\n\n\n<div class=\"wp-block-microbio-blocks-flex flex-align-stretch flex-justify-start flex-gap-0 flex-columns no-wrap section-left-wide-img-blood--content--table--subgrid\" style=\"--custom-gap:0\">\n<div class=\"wp-block-microbio-blocks-flex aligncenter flex-align-center flex-justify-center flex-columns no-wrap theme-margins\" style=\"--custom-gap:32px\">\n<div class=\"wp-block-microbio-blocks-flex flex-align-start flex-justify-start flex-gap-0 flex-columns theme-margins half-cell-width\" style=\"--custom-gap:0\">\n<h3 class=\"wp-block-heading\">Commento del tecnico<\/h3>\n\n\n\n<p class=\"has-grey-medium-1-color has-text-color has-link-color wp-elements-4b2cb2e7bc4afcfee6460047e4a4132d\">Specialista Agricolo<\/p>\n\n\n\n<p>Per raggiungere gli obiettivi di produzione, \u00e8 importante controllare i requisiti di luce, temperatura e fertilizzanti.<\/p>\n<\/div>\n<\/div>\n\n\n\n<div class=\"wp-block-microbio-blocks-flex aligncenter flex-align-center flex-justify-center flex-columns no-wrap theme-margins\" style=\"--custom-gap:32px\">\n<div class=\"wp-block-microbio-blocks-flex flex-align-start flex-justify-start flex-gap-0 flex-columns no-wrap theme-margins half-cell-width\" style=\"--custom-gap:0\">\n<h3 class=\"wp-block-heading\">Commento del Consumatore<\/h3>\n\n\n\n<p class=\"has-grey-medium-1-color has-text-color has-link-color wp-elements-08519dffedc68be634fc946eaae5d033\">Cliente soddisfatto<\/p>\n\n\n\n<p>&#8220;Il tempo delle fragole in Francia arriva con Gariguette.&#8221;<\/p>\n<\/div>\n<\/div>\n<\/div>\n<\/div>\n<\/div>\n<\/section>\n\n<section class=\"wp-block-microbio-blocks-section-v2 section-left-wide-img-blood single-plantas--sticky-section-last has-grey-light-2-background-color has-background child-full section-align-start alignfull force-blood\" style=\"--min-height:0;--min-height-mobile:0\" data-animation-enter=\"alpha\">\n<div class=\"wp-block-microbio-blocks-grid grid-align-stretch grid-gap-none\">\n<div class=\"wp-block-microbio-blocks-grid-cell grid-row-1 grid-column-6 grid-column-mobile-4 section-left-wide-img-blood--content section-left-wide-img-blood--content--table\" style=\"--mobile-order:\">\n<div class=\"wp-block-microbio-blocks-flex aligncenter flex-align-center flex-justify-start flex-columns no-wrap theme-margins table-header-cell has-primary-background-color has-background\" style=\"--custom-gap:32px\">\n<div class=\"wp-block-microbio-blocks-flex flex-align-start flex-justify-start flex-gap-0 half-cell-width\" style=\"--custom-gap:0\">\n<h2 class=\"wp-block-heading\">Scheda tecnica<\/h2>\n<\/div>\n<\/div>\n\n\n\n<div class=\"wp-block-microbio-blocks-flex flex-align-stretch flex-justify-start flex-gap-0 flex-columns no-wrap section-left-wide-img-blood--content--table--subgrid\" style=\"--custom-gap:0\">\n<div class=\"wp-block-microbio-blocks-flex aligncenter flex-align-center flex-justify-center no-wrap theme-margins\" style=\"--custom-gap:32px\">\n<div class=\"wp-block-microbio-blocks-flex aligncenter flex-align-center flex-justify-space-between flex-gap-0 no-wrap half-cell-width\" style=\"--custom-gap:0\">\n<h3 class=\"wp-block-heading has-heading-4-font-size\">Piante in vaso:<\/h3>\n\n\n\n<p>Novembre e dicembre<\/p>\n<\/div>\n<\/div>\n\n\n\n<div class=\"wp-block-microbio-blocks-flex aligncenter flex-align-center flex-justify-center no-wrap theme-margins\" style=\"--custom-gap:32px\">\n<div class=\"wp-block-microbio-blocks-flex aligncenter flex-align-center flex-justify-space-between flex-gap-0 no-wrap half-cell-width\" style=\"--custom-gap:0\">\n<h3 class=\"wp-block-heading has-heading-4-font-size\">Pianta in un vaso frigorifero:<\/h3>\n\n\n\n<p>Da gennaio ad agosto<\/p>\n<\/div>\n<\/div>\n\n\n\n<div class=\"wp-block-microbio-blocks-flex aligncenter flex-align-center flex-justify-center no-wrap theme-margins\" style=\"--custom-gap:32px\">\n<div class=\"wp-block-microbio-blocks-flex aligncenter flex-align-center flex-justify-space-between flex-gap-0 no-wrap half-cell-width\" style=\"--custom-gap:0\">\n<h3 class=\"wp-block-heading has-heading-4-font-size\">Pianta frigorifera:<\/h3>\n\n\n\n<p>Da gennaio ad agosto<\/p>\n<\/div>\n<\/div>\n\n\n\n<div class=\"wp-block-microbio-blocks-flex aligncenter flex-align-center flex-justify-center no-wrap theme-margins\" style=\"--custom-gap:32px\">\n<div class=\"wp-block-microbio-blocks-flex aligncenter flex-align-center flex-justify-space-between flex-gap-0 no-wrap half-cell-width\" style=\"--custom-gap:0\">\n<h3 class=\"wp-block-heading has-heading-4-font-size\">Pavimento del letto in attesa:<\/h3>\n\n\n\n<p>Da giugno ad agosto<\/p>\n<\/div>\n<\/div>\n<\/div>\n<\/div>\n\n\n\n<div class=\"wp-block-microbio-blocks-grid-cell grid-row-1 grid-column-6 grid-column-mobile-4 fruit-map-cell\" style=\"--mobile-order:\">\n<div class=\"wp-block-microbio-blocks-flex flex-align-start flex-justify-start flex-gap-0 flex-columns no-wrap flex-max-width flex-align-self-center theme-margins\" style=\"padding-top:var(--wp--preset--spacing--space-lg);padding-bottom:var(--wp--preset--spacing--space-lg);--custom-gap:0;--flex-max-width:var(--_half-cell-width)\">\n<h2 class=\"wp-block-heading\">Dove coltivarlo<\/h2>\n\n\n\n<p>La gariguette \u00e8 particolarmente adatta all&#8217;Europa centrale e settentrionale.<\/p>\n<\/div>\n\n\n\n<figure class=\"wp-block-image size-full\"><img decoding=\"async\" width=\"960\" height=\"900\" src=\"https:\/\/elpinar.eu\/wp-content\/uploads\/2025\/12\/Mapa-variedad-june-bearer.svg\" alt=\"\" class=\"wp-image-4686\"\/><\/figure>\n<\/div>\n<\/div>\n<\/section>\n\n<section class=\"wp-block-microbio-blocks-section-v2 child-default section-align-center alignfull\" style=\"--min-height:400px;--min-height-mobile:400px;--focal:54% 68%;--focal-mobile:50% 50%\" data-animation-enter=\"alpha\"><figure class=\"wp-block-image size-full section-img-bg\"><img decoding=\"async\" width=\"2000\" height=\"1500\" src=\"https:\/\/elpinar.eu\/wp-content\/uploads\/2025\/12\/Garriguette-37.webp\" alt=\"\" class=\"wp-image-4350\" srcset=\"https:\/\/elpinar.eu\/wp-content\/uploads\/2025\/12\/Garriguette-37.webp 2000w, https:\/\/elpinar.eu\/wp-content\/uploads\/2025\/12\/Garriguette-37-850x638.webp 850w, https:\/\/elpinar.eu\/wp-content\/uploads\/2025\/12\/Garriguette-37-1200x900.webp 1200w, https:\/\/elpinar.eu\/wp-content\/uploads\/2025\/12\/Garriguette-37-300x225.webp 300w, https:\/\/elpinar.eu\/wp-content\/uploads\/2025\/12\/Garriguette-37-768x576.webp 768w, https:\/\/elpinar.eu\/wp-content\/uploads\/2025\/12\/Garriguette-37-1024x768.webp 1024w, https:\/\/elpinar.eu\/wp-content\/uploads\/2025\/12\/Garriguette-37-1536x1152.webp 1536w, https:\/\/elpinar.eu\/wp-content\/uploads\/2025\/12\/Garriguette-37-500x375.webp 500w\" sizes=\"(max-width: 2000px) 100vw, 2000px\" \/><\/figure><\/section>\n\n<section class=\"wp-block-microbio-blocks-section-v2 svg-banner-bg has-pink-dark-background-color has-background child-wide section-align-center alignfull\" style=\"padding-top:var(--wp--preset--spacing--space-lg);padding-bottom:var(--wp--preset--spacing--space-lg);--min-height:0;--min-height-mobile:0;--focal:100% 54%;--focal-mobile:98% 50%\" data-animation-enter=\"alpha\"><figure class=\"wp-block-image size-full section-img-bg\"><img decoding=\"async\" width=\"650\" height=\"456\" src=\"https:\/\/elpinar.eu\/wp-content\/uploads\/2025\/11\/fresas-bg.svg\" alt=\"\" class=\"wp-image-209\"\/><\/figure>\n<div class=\"wp-block-microbio-blocks-flex flex-align-start flex-justify-start flex-gap-0 flex-columns no-wrap flex-max-width theme-margins\" style=\"--custom-gap:0;--flex-max-width:680px\">\n<h2 class=\"wp-block-heading\">Gariguette<\/h2>\n\n\n\n<p>Una variet\u00e0 iconica che combina tradizione, sapore e performance per aprire ogni anno la stagione delle fragole in Francia.<\/p>\n\n\n\n<a class=\"wp-block-microbio-blocks-button btn-size-default btn-icon is-style-light\" target=\"\" href=\"\" rel=\"noopener\" title=\"\"><span>Contattaci ora<\/span><svg width=\"15\" height=\"15\"><use xlink:href=\"\/wp-content\/themes\/el-pinar\/assets\/img\/el-pinar-icons.svg#arrow-up-right\"\/><\/svg><\/a>\n<\/div>\n<\/section>\n","protected":false},"excerpt":{"rendered":"","protected":false},"featured_media":0,"menu_order":0,"template":"","meta":{"footnotes":""},"tipo-planta":[263],"class_list":["post-5237","plantas","type-plantas","status-publish","hentry","tipo-planta-portatore-di-giugno"],"_links":{"self":[{"href":"https:\/\/elpinar.eu\/it\/wp-json\/wp\/v2\/plantas\/5237","targetHints":{"allow":["GET"]}}],"collection":[{"href":"https:\/\/elpinar.eu\/it\/wp-json\/wp\/v2\/plantas"}],"about":[{"href":"https:\/\/elpinar.eu\/it\/wp-json\/wp\/v2\/types\/plantas"}],"version-history":[{"count":2,"href":"https:\/\/elpinar.eu\/it\/wp-json\/wp\/v2\/plantas\/5237\/revisions"}],"predecessor-version":[{"id":5249,"href":"https:\/\/elpinar.eu\/it\/wp-json\/wp\/v2\/plantas\/5237\/revisions\/5249"}],"wp:attachment":[{"href":"https:\/\/elpinar.eu\/it\/wp-json\/wp\/v2\/media?parent=5237"}],"wp:term":[{"taxonomy":"tipo-planta","embeddable":true,"href":"https:\/\/elpinar.eu\/it\/wp-json\/wp\/v2\/tipo-planta?post=5237"}],"curies":[{"name":"wp","href":"https:\/\/api.w.org\/{rel}","templated":true}]}}