{"id":5190,"date":"2025-12-02T12:12:03","date_gmt":"2025-12-02T11:12:03","guid":{"rendered":"https:\/\/elpinar.eu\/produccion-de-plantas-variedades\/primavera\/"},"modified":"2026-03-24T11:37:56","modified_gmt":"2026-03-24T10:37:56","slug":"primavera","status":"publish","type":"plantas","link":"https:\/\/elpinar.eu\/it\/produccion-de-plantas-variedades\/giornata-corta\/primavera\/","title":{"rendered":"Primavera\u00ae"},"content":{"rendered":"\n<section class=\"wp-block-microbio-blocks-section-v2 section-left-wide-img-blood single-plantas--sticky-section has-grey-light-2-background-color has-background child-full section-align-start alignfull force-blood\" style=\"--min-height:0;--min-height-mobile:0\" data-animation-enter=\"alpha\">\n<div class=\"wp-block-microbio-blocks-grid grid-align-stretch grid-gap-none\">\n<div class=\"wp-block-microbio-blocks-grid-cell grid-row-1 grid-column-6 grid-column-mobile-4 section-left-wide-img-blood--content section-left-wide-img-blood--content--centered\" style=\"padding-top:var(--wp--preset--spacing--space-m);padding-bottom:var(--wp--preset--spacing--space-m);--mobile-order:\">\n<div class=\"wp-block-microbio-blocks-flex flex-align-start flex-justify-start flex-columns no-wrap theme-margins half-cell-width\" style=\"--custom-gap:32px\"><div class=\"taxonomy-tipo-planta wp-block-post-terms\"><a href=\"https:\/\/elpinar.eu\/it\/produzione-di-impianti\/giornata-corta\/\" rel=\"tag\">Giornata corta<\/a><\/div>\n\n\n<div class=\"wp-block-microbio-blocks-flex flex-align-start flex-justify-start flex-gap-0 flex-columns no-wrap theme-margins\" style=\"--custom-gap:0\">\n<h1 class=\"wp-block-heading\">Primavera\u00ae precoce, stabile e su tutto terreno<\/h1>\n\n\n\n<p>&#8230;<\/p>\n<\/div>\n\n\n\n<a class=\"wp-block-microbio-blocks-button btn-size-default btn-icon\" style=\"margin-top:var(--wp--preset--spacing--space-m)\" target=\"\" href=\"https:\/\/elpinar.eu\/produccion-de-plantas-variedades\/\" rel=\"noopener\" title=\"Vedi tutte le variet\u00e0\"><span>Ritorno a tutte le variet\u00e0<\/span><svg width=\"15\" height=\"15\"><use xlink:href=\"\/wp-content\/themes\/el-pinar\/assets\/img\/el-pinar-icons.svg#arrow-up-right\"\/><\/svg><\/a>\n<\/div>\n<\/div>\n\n\n\n<div class=\"wp-block-microbio-blocks-grid-cell grid-row-1 grid-column-6 grid-column-mobile-4\" style=\"--mobile-order:-1\">\n<figure class=\"wp-block-image size-full w-100\"><img decoding=\"async\" width=\"2000\" height=\"1500\" src=\"https:\/\/elpinar.eu\/wp-content\/uploads\/2025\/12\/Primavera-098.webp\" alt=\"\" class=\"wp-image-4366\" srcset=\"https:\/\/elpinar.eu\/wp-content\/uploads\/2025\/12\/Primavera-098.webp 2000w, https:\/\/elpinar.eu\/wp-content\/uploads\/2025\/12\/Primavera-098-850x638.webp 850w, https:\/\/elpinar.eu\/wp-content\/uploads\/2025\/12\/Primavera-098-1200x900.webp 1200w, https:\/\/elpinar.eu\/wp-content\/uploads\/2025\/12\/Primavera-098-300x225.webp 300w, https:\/\/elpinar.eu\/wp-content\/uploads\/2025\/12\/Primavera-098-768x576.webp 768w, https:\/\/elpinar.eu\/wp-content\/uploads\/2025\/12\/Primavera-098-1024x768.webp 1024w, https:\/\/elpinar.eu\/wp-content\/uploads\/2025\/12\/Primavera-098-1536x1152.webp 1536w, https:\/\/elpinar.eu\/wp-content\/uploads\/2025\/12\/Primavera-098-500x375.webp 500w\" sizes=\"(max-width: 2000px) 100vw, 2000px\" \/><\/figure>\n<\/div>\n<\/div>\n<\/section>\n\n<section class=\"wp-block-microbio-blocks-section-v2 section-left-wide-img-blood single-plantas--sticky-section has-grey-light-2-background-color has-background child-full section-align-start alignfull force-blood\" style=\"--min-height:0;--min-height-mobile:0\" data-animation-enter=\"alpha\">\n<div class=\"wp-block-microbio-blocks-grid grid-align-stretch grid-gap-none\">\n<div class=\"wp-block-microbio-blocks-grid-cell grid-row-1 grid-column-6 grid-column-mobile-4 section-left-wide-img-blood--content section-left-wide-img-blood--content--table\" style=\"--mobile-order:\">\n<div class=\"wp-block-microbio-blocks-flex aligncenter flex-align-center flex-justify-start flex-columns no-wrap theme-margins table-header-cell has-primary-background-color has-background\" style=\"--custom-gap:32px\">\n<div class=\"wp-block-microbio-blocks-flex flex-align-start flex-justify-start flex-gap-0 half-cell-width\" style=\"--custom-gap:0\">\n<h2 class=\"wp-block-heading\">Scheda tecnica<\/h2>\n<\/div>\n<\/div>\n\n\n\n<div class=\"wp-block-microbio-blocks-flex flex-align-stretch flex-justify-start flex-gap-0 flex-columns no-wrap section-left-wide-img-blood--content--table--subgrid\" style=\"--custom-gap:0\">\n<div class=\"wp-block-microbio-blocks-flex aligncenter flex-align-center flex-justify-center no-wrap theme-margins\" style=\"--custom-gap:32px\">\n<div class=\"wp-block-microbio-blocks-flex aligncenter flex-align-center flex-justify-space-between flex-gap-0 no-wrap half-cell-width\" style=\"--custom-gap:0\">\n<h3 class=\"wp-block-heading has-heading-4-font-size\">Tipo di prodotto:<\/h3>\n\n\n\n<p>Fragola<\/p>\n<\/div>\n<\/div>\n\n\n\n<div class=\"wp-block-microbio-blocks-flex aligncenter flex-align-center flex-justify-center no-wrap theme-margins\" style=\"--custom-gap:32px\">\n<div class=\"wp-block-microbio-blocks-flex aligncenter flex-align-center flex-justify-space-between flex-gap-0 no-wrap half-cell-width\" style=\"--custom-gap:0\">\n<h3 class=\"wp-block-heading has-heading-4-font-size\">Tipo di variet\u00e0:<\/h3>\n\n\n\n<p>Giornata corta<\/p>\n<\/div>\n<\/div>\n\n\n\n<div class=\"wp-block-microbio-blocks-flex aligncenter flex-align-center flex-justify-center no-wrap theme-margins\" style=\"--custom-gap:32px\">\n<div class=\"wp-block-microbio-blocks-flex aligncenter flex-align-center flex-justify-space-between flex-gap-0 no-wrap half-cell-width\" style=\"--custom-gap:0\">\n<h3 class=\"wp-block-heading has-heading-4-font-size\">Periodo di produzione:<\/h3>\n\n\n\n<p>Primi anni<\/p>\n<\/div>\n<\/div>\n\n\n\n<div class=\"wp-block-microbio-blocks-flex aligncenter flex-align-center flex-justify-center no-wrap theme-margins\" style=\"--custom-gap:32px\">\n<div class=\"wp-block-microbio-blocks-flex aligncenter flex-align-center flex-justify-space-between flex-gap-0 no-wrap half-cell-width\" style=\"--custom-gap:0\">\n<h3 class=\"wp-block-heading has-heading-4-font-size\">Tipo di pianta:<\/h3>\n\n\n\n<p>Dimensioni medie<\/p>\n<\/div>\n<\/div>\n\n\n\n<div class=\"wp-block-microbio-blocks-flex aligncenter flex-align-center flex-justify-center no-wrap theme-margins\" style=\"--custom-gap:32px\">\n<div class=\"wp-block-microbio-blocks-flex aligncenter flex-align-center flex-justify-space-between flex-gap-0 no-wrap half-cell-width\" style=\"--custom-gap:0\">\n<h3 class=\"wp-block-heading has-heading-4-font-size\">Dimensione del frutto:<\/h3>\n\n\n\n<p>Medium<\/p>\n<\/div>\n<\/div>\n\n\n\n<div class=\"wp-block-microbio-blocks-flex aligncenter flex-align-center flex-justify-center no-wrap theme-margins\" style=\"--custom-gap:32px\">\n<div class=\"wp-block-microbio-blocks-flex aligncenter flex-align-center flex-justify-space-between flex-gap-0 no-wrap half-cell-width\" style=\"--custom-gap:0\">\n<h3 class=\"wp-block-heading has-heading-4-font-size\">Forma del frutto:<\/h3>\n\n\n\n<p>Conico<\/p>\n<\/div>\n<\/div>\n\n\n\n<div class=\"wp-block-microbio-blocks-flex aligncenter flex-align-center flex-justify-center no-wrap theme-margins\" style=\"--custom-gap:32px\">\n<div class=\"wp-block-microbio-blocks-flex aligncenter flex-align-center flex-justify-space-between flex-gap-0 no-wrap half-cell-width\" style=\"--custom-gap:0\">\n<h3 class=\"wp-block-heading has-heading-4-font-size\">Area di produzione:<\/h3>\n\n\n\n<p class=\"has-body-font-size\">Climi temperati; Spagna meridionale, resto dell&#8217;arco mediterraneo, Nord Africa.<\/p>\n<\/div>\n<\/div>\n<\/div>\n<\/div>\n\n\n\n<div class=\"wp-block-microbio-blocks-grid-cell grid-row-1 grid-column-6 grid-column-mobile-4\" style=\"--mobile-order:\">\n<figure class=\"wp-block-image size-full w-100\"><img decoding=\"async\" width=\"2000\" height=\"1500\" src=\"https:\/\/elpinar.eu\/wp-content\/uploads\/2025\/12\/Primavera-017.webp\" alt=\"\" class=\"wp-image-4367\" srcset=\"https:\/\/elpinar.eu\/wp-content\/uploads\/2025\/12\/Primavera-017.webp 2000w, https:\/\/elpinar.eu\/wp-content\/uploads\/2025\/12\/Primavera-017-850x638.webp 850w, https:\/\/elpinar.eu\/wp-content\/uploads\/2025\/12\/Primavera-017-1200x900.webp 1200w, https:\/\/elpinar.eu\/wp-content\/uploads\/2025\/12\/Primavera-017-300x225.webp 300w, https:\/\/elpinar.eu\/wp-content\/uploads\/2025\/12\/Primavera-017-768x576.webp 768w, https:\/\/elpinar.eu\/wp-content\/uploads\/2025\/12\/Primavera-017-1024x768.webp 1024w, https:\/\/elpinar.eu\/wp-content\/uploads\/2025\/12\/Primavera-017-1536x1152.webp 1536w, https:\/\/elpinar.eu\/wp-content\/uploads\/2025\/12\/Primavera-017-500x375.webp 500w\" sizes=\"(max-width: 2000px) 100vw, 2000px\" \/><\/figure>\n<\/div>\n<\/div>\n<\/section>\n\n<section class=\"wp-block-microbio-blocks-section-v2 section-left-wide-img-blood single-plantas--sticky-section has-grey-light-2-background-color has-background child-full section-align-start alignfull force-blood\" style=\"--min-height:0;--min-height-mobile:0\" data-animation-enter=\"alpha\">\n<div class=\"wp-block-microbio-blocks-grid grid-align-stretch grid-gap-none\">\n<div class=\"wp-block-microbio-blocks-grid-cell grid-row-1 grid-column-6 grid-column-mobile-4 section-left-wide-img-blood--content section-left-wide-img-blood--content--centered\" style=\"padding-top:var(--wp--preset--spacing--space-m);padding-bottom:var(--wp--preset--spacing--space-m);--mobile-order:\">\n<div class=\"wp-block-microbio-blocks-flex flex-align-start flex-justify-start flex-gap-0 flex-columns no-wrap theme-margins half-cell-width\" style=\"--custom-gap:0\">\n<h2 class=\"wp-block-heading\">Cosa lo rende speciale<\/h2>\n\n\n\n<p>La primavera\u00ae \u00e8 una variet\u00e0 di fragola a giornate brevi molto precoce, che mantiene una produzione stabile fino alla fine della stagione.<\/p>\n\n\n\n<p>Il suo impianto di medie dimensioni e compatto facilita il lavoro nei campi e garantisce una coltivazione efficiente.<\/p>\n\n\n\n<p>I frutti, di dimensioni medie-grandi e forma conica omogenea, si distinguono per la loro colorazione attraente e uniforme durante tutta la campagna. Il suo sapore, con \u00baBrix medio-alto e costante, viene mantenuto anche al picco della produzione. <\/p>\n\n\n\n<p>Una variet\u00e0 ideale per i mercati che cercano frutta di qualit\u00e0 fin dall&#8217;inizio della stagione.<\/p>\n<\/div>\n<\/div>\n\n\n\n<div class=\"wp-block-microbio-blocks-grid-cell grid-row-1 grid-column-6 grid-column-mobile-4\" style=\"--mobile-order:\">\n<div class=\"wp-block-microbio-blocks-before-after-slider fruit-before-after\">\n<div class=\"wp-block-microbio-blocks-flex flex-align-start flex-justify-start flex-gap-0 flex-columns no-wrap wp-block-microbio-blocks-before-after-slider--left\" style=\"--custom-gap:0\">\n<figure class=\"wp-block-image size-large\"><img decoding=\"async\" width=\"1024\" height=\"768\" src=\"https:\/\/elpinar.eu\/wp-content\/uploads\/2025\/12\/Primavera-092-1024x768.webp\" alt=\"\" class=\"wp-image-4369\" srcset=\"https:\/\/elpinar.eu\/wp-content\/uploads\/2025\/12\/Primavera-092-1024x768.webp 1024w, https:\/\/elpinar.eu\/wp-content\/uploads\/2025\/12\/Primavera-092-850x638.webp 850w, https:\/\/elpinar.eu\/wp-content\/uploads\/2025\/12\/Primavera-092-1200x900.webp 1200w, https:\/\/elpinar.eu\/wp-content\/uploads\/2025\/12\/Primavera-092-300x225.webp 300w, https:\/\/elpinar.eu\/wp-content\/uploads\/2025\/12\/Primavera-092-768x576.webp 768w, https:\/\/elpinar.eu\/wp-content\/uploads\/2025\/12\/Primavera-092-1536x1152.webp 1536w, https:\/\/elpinar.eu\/wp-content\/uploads\/2025\/12\/Primavera-092-500x375.webp 500w, https:\/\/elpinar.eu\/wp-content\/uploads\/2025\/12\/Primavera-092.webp 2000w\" sizes=\"(max-width: 1024px) 100vw, 1024px\" \/><\/figure>\n<\/div>\n\n\n\n<div class=\"wp-block-microbio-blocks-flex flex-align-start flex-justify-start flex-gap-0 flex-columns no-wrap wp-block-microbio-blocks-before-after-slider--right\" style=\"--custom-gap:0\">\n<figure class=\"wp-block-image size-large\"><img decoding=\"async\" width=\"1024\" height=\"768\" src=\"https:\/\/elpinar.eu\/wp-content\/uploads\/2025\/12\/Primavera-070-1024x768.webp\" alt=\"\" class=\"wp-image-4370\" srcset=\"https:\/\/elpinar.eu\/wp-content\/uploads\/2025\/12\/Primavera-070-1024x768.webp 1024w, https:\/\/elpinar.eu\/wp-content\/uploads\/2025\/12\/Primavera-070-850x638.webp 850w, https:\/\/elpinar.eu\/wp-content\/uploads\/2025\/12\/Primavera-070-1200x900.webp 1200w, https:\/\/elpinar.eu\/wp-content\/uploads\/2025\/12\/Primavera-070-300x225.webp 300w, https:\/\/elpinar.eu\/wp-content\/uploads\/2025\/12\/Primavera-070-768x576.webp 768w, https:\/\/elpinar.eu\/wp-content\/uploads\/2025\/12\/Primavera-070-1536x1152.webp 1536w, https:\/\/elpinar.eu\/wp-content\/uploads\/2025\/12\/Primavera-070-500x375.webp 500w, https:\/\/elpinar.eu\/wp-content\/uploads\/2025\/12\/Primavera-070.webp 2000w\" sizes=\"(max-width: 1024px) 100vw, 1024px\" \/><\/figure>\n<\/div>\n\n\n\n<span class=\"wp-block-microbio-blocks-icon icon-size-default wp-block-microbio-blocks-before-after-slider--drag-icon\"><svg><use xlink:href=\"\/wp-content\/plugins\/microbio-blocks\/assets\/images\/icons-library.svg?ver=2.0.3#arrows-left-right\"\/><\/svg><\/span>\n<\/div>\n<\/div>\n<\/div>\n<\/section>\n\n<section class=\"wp-block-microbio-blocks-section-v2 section-left-wide-img-blood single-plantas--sticky-section has-grey-light-2-background-color has-background child-full section-align-start alignfull force-blood\" style=\"--min-height:0;--min-height-mobile:0\" data-animation-enter=\"alpha\">\n<div class=\"wp-block-microbio-blocks-grid grid-align-stretch grid-gap-none\">\n<div class=\"wp-block-microbio-blocks-grid-cell grid-row-1 grid-column-6 grid-column-mobile-4 section-left-wide-img-blood--content section-left-wide-img-blood--content--table\" style=\"--mobile-order:\">\n<div class=\"wp-block-microbio-blocks-flex aligncenter flex-align-center flex-justify-start flex-columns no-wrap theme-margins table-header-cell has-green-light-background-color has-background\" style=\"--custom-gap:32px\">\n<div class=\"wp-block-microbio-blocks-flex flex-align-start flex-justify-start flex-gap-0 half-cell-width\" style=\"--custom-gap:0\">\n<h2 class=\"wp-block-heading\">Benefici per l&#8217;agricoltore<\/h2>\n<\/div>\n<\/div>\n\n\n\n<div class=\"wp-block-microbio-blocks-flex flex-align-stretch flex-justify-start flex-gap-0 flex-columns no-wrap section-left-wide-img-blood--content--table--subgrid\" style=\"--custom-gap:0\">\n<div class=\"wp-block-microbio-blocks-flex aligncenter flex-align-center flex-justify-center no-wrap theme-margins\" style=\"--custom-gap:32px\">\n<div class=\"wp-block-microbio-blocks-flex flex-align-stretch flex-justify-start flex-gap-0 no-wrap half-cell-width w-100\" style=\"--custom-gap:0\">\n<div class=\"wp-block-microbio-blocks-grid grid-align-center grid-gap-sm w-100 section-left-wide-img-blood--content--table--subgrid--icon-line\">\n<div class=\"wp-block-microbio-blocks-grid-cell grid-row-1 grid-column-2 grid-column-mobile-4\" style=\"--mobile-order:\">\n<span class=\"wp-block-microbio-blocks-icon icon-size-default has-secondary-color has-text-color has-link-color wp-elements-8a9f15a88f04a1f6cb2366ea5c11317a\"><svg><use xlink:href=\"\/wp-content\/themes\/el-pinar\/assets\/img\/el-pinar-icons.svg#arrow-up-right-dots\"\/><\/svg><\/span>\n<\/div>\n\n\n\n<div class=\"wp-block-microbio-blocks-grid-cell grid-row-1 grid-column-10 grid-column-mobile-4\" style=\"--mobile-order:\">\n<p><strong>Produzione stabile e costante<\/strong> per tutta la campagna.<\/p>\n<\/div>\n<\/div>\n<\/div>\n<\/div>\n\n\n\n<div class=\"wp-block-microbio-blocks-flex aligncenter flex-align-center flex-justify-center no-wrap theme-margins\" style=\"--custom-gap:32px\">\n<div class=\"wp-block-microbio-blocks-flex flex-align-stretch flex-justify-start flex-gap-0 no-wrap half-cell-width w-100\" style=\"--custom-gap:0\">\n<div class=\"wp-block-microbio-blocks-grid grid-align-center grid-gap-sm w-100 section-left-wide-img-blood--content--table--subgrid--icon-line\">\n<div class=\"wp-block-microbio-blocks-grid-cell grid-row-1 grid-column-2 grid-column-mobile-4\" style=\"--mobile-order:\">\n<span class=\"wp-block-microbio-blocks-icon icon-size-default has-secondary-color has-text-color has-link-color wp-elements-03427de6d61180d2f48cf5d4a59e3d6e\"><svg><use xlink:href=\"\/wp-content\/themes\/el-pinar\/assets\/img\/el-pinar-icons.svg#hand\"\/><\/svg><\/span>\n<\/div>\n\n\n\n<div class=\"wp-block-microbio-blocks-grid-cell grid-row-1 grid-column-10 grid-column-mobile-4\" style=\"--mobile-order:\">\n<p><strong>Frutti omogenei<\/strong> nella forma e nel colore, facili da commercializzare.<\/p>\n<\/div>\n<\/div>\n<\/div>\n<\/div>\n\n\n\n<div class=\"wp-block-microbio-blocks-flex aligncenter flex-align-center flex-justify-center no-wrap theme-margins\" style=\"--custom-gap:32px\">\n<div class=\"wp-block-microbio-blocks-flex flex-align-stretch flex-justify-start flex-gap-0 no-wrap half-cell-width w-100\" style=\"--custom-gap:0\">\n<div class=\"wp-block-microbio-blocks-grid grid-align-center grid-gap-sm w-100 section-left-wide-img-blood--content--table--subgrid--icon-line\">\n<div class=\"wp-block-microbio-blocks-grid-cell grid-row-1 grid-column-2 grid-column-mobile-4\" style=\"--mobile-order:\">\n<span class=\"wp-block-microbio-blocks-icon icon-size-default has-secondary-color has-text-color has-link-color wp-elements-205deeab68ef2732340b7c8d5151796c\"><svg><use xlink:href=\"\/wp-content\/themes\/el-pinar\/assets\/img\/el-pinar-icons.svg#circle\"\/><\/svg><\/span>\n<\/div>\n\n\n\n<div class=\"wp-block-microbio-blocks-grid-cell grid-row-1 grid-column-10 grid-column-mobile-4\" style=\"--mobile-order:\">\n<p><strong>Sapore costante<\/strong> con \u00baBrix medio-alto.<\/p>\n<\/div>\n<\/div>\n<\/div>\n<\/div>\n\n\n\n<div class=\"wp-block-microbio-blocks-flex aligncenter flex-align-center flex-justify-center no-wrap theme-margins\" style=\"--custom-gap:32px\">\n<div class=\"wp-block-microbio-blocks-flex flex-align-stretch flex-justify-start flex-gap-0 no-wrap half-cell-width w-100\" style=\"--custom-gap:0\">\n<div class=\"wp-block-microbio-blocks-grid grid-align-center grid-gap-sm w-100 section-left-wide-img-blood--content--table--subgrid--icon-line\">\n<div class=\"wp-block-microbio-blocks-grid-cell grid-row-1 grid-column-2 grid-column-mobile-4\" style=\"--mobile-order:\">\n<span class=\"wp-block-microbio-blocks-icon icon-size-default has-secondary-color has-text-color has-link-color wp-elements-e7e5d167b585df020a69c6aacd0c25b5\"><svg><use xlink:href=\"\/wp-content\/themes\/el-pinar\/assets\/img\/el-pinar-icons.svg#strawberry\"\/><\/svg><\/span>\n<\/div>\n\n\n\n<div class=\"wp-block-microbio-blocks-grid-cell grid-row-1 grid-column-10 grid-column-mobile-4\" style=\"--mobile-order:\">\n<p><strong>Pianta compatta e gestibile<\/strong>, che facilita il lavoro sul campo.<\/p>\n<\/div>\n<\/div>\n<\/div>\n<\/div>\n<\/div>\n<\/div>\n\n\n\n<div class=\"wp-block-microbio-blocks-grid-cell grid-row-1 grid-column-6 grid-column-mobile-4 section-left-wide-img-blood--content section-left-wide-img-blood--content--table\" style=\"--mobile-order:\">\n<div class=\"wp-block-microbio-blocks-flex aligncenter flex-align-center flex-justify-start flex-columns no-wrap theme-margins table-header-cell has-pink-background-color has-background\" style=\"--custom-gap:32px\">\n<div class=\"wp-block-microbio-blocks-flex flex-align-start flex-justify-start flex-gap-0 half-cell-width\" style=\"--custom-gap:0\">\n<h2 class=\"wp-block-heading\">Esperti e consumatori esprimono la loro opinione<\/h2>\n<\/div>\n<\/div>\n\n\n\n<div class=\"wp-block-microbio-blocks-flex flex-align-stretch flex-justify-start flex-gap-0 flex-columns no-wrap section-left-wide-img-blood--content--table--subgrid\" style=\"--custom-gap:0\">\n<div class=\"wp-block-microbio-blocks-flex aligncenter flex-align-center flex-justify-center flex-columns no-wrap theme-margins\" style=\"--custom-gap:32px\">\n<div class=\"wp-block-microbio-blocks-flex flex-align-start flex-justify-start flex-gap-0 flex-columns theme-margins half-cell-width\" style=\"--custom-gap:0\">\n<h3 class=\"wp-block-heading\">Commento del tecnico<\/h3>\n\n\n\n<p class=\"has-grey-medium-1-color has-text-color has-link-color wp-elements-4b2cb2e7bc4afcfee6460047e4a4132d\">Specialista Agricolo<\/p>\n\n\n\n<p>Primavera\u00ae \u00e8 una pianta di medie dimensioni con esigenze moderate di fertilizzazione. \u00c8 resistente ai parassiti e alle malattie fungine, e si adatta molto bene all&#8217;uso di nemici naturali grazie alla sua struttura e all&#8217;elevata produzione di polline. <\/p>\n<\/div>\n<\/div>\n\n\n\n<div class=\"wp-block-microbio-blocks-flex aligncenter flex-align-center flex-justify-center flex-columns no-wrap theme-margins\" style=\"--custom-gap:32px\">\n<div class=\"wp-block-microbio-blocks-flex flex-align-start flex-justify-start flex-gap-0 flex-columns no-wrap theme-margins half-cell-width\" style=\"--custom-gap:0\">\n<h3 class=\"wp-block-heading\">Commento del Consumatore<\/h3>\n\n\n\n<p class=\"has-grey-medium-1-color has-text-color has-link-color wp-elements-08519dffedc68be634fc946eaae5d033\">Cliente soddisfatto<\/p>\n\n\n\n<p>&#8220;Adoro poter comprare frutta di questa qualit\u00e0 cos\u00ec presto. \u00c8 incredibile il colore e il sapore che ha!&#8221;<\/p>\n<\/div>\n<\/div>\n<\/div>\n<\/div>\n<\/div>\n<\/section>\n\n<section class=\"wp-block-microbio-blocks-section-v2 section-left-wide-img-blood single-plantas--sticky-section-last has-grey-light-2-background-color has-background child-full section-align-start alignfull force-blood\" style=\"--min-height:0;--min-height-mobile:0\" data-animation-enter=\"alpha\">\n<div class=\"wp-block-microbio-blocks-grid grid-align-stretch grid-gap-none\">\n<div class=\"wp-block-microbio-blocks-grid-cell grid-row-1 grid-column-6 grid-column-mobile-4 section-left-wide-img-blood--content section-left-wide-img-blood--content--table\" style=\"--mobile-order:\">\n<div class=\"wp-block-microbio-blocks-flex aligncenter flex-align-center flex-justify-start flex-columns no-wrap theme-margins table-header-cell has-primary-background-color has-background\" style=\"--custom-gap:32px\">\n<div class=\"wp-block-microbio-blocks-flex flex-align-start flex-justify-start flex-gap-0 half-cell-width\" style=\"--custom-gap:0\">\n<h2 class=\"wp-block-heading\">Scheda tecnica<\/h2>\n<\/div>\n<\/div>\n\n\n\n<div class=\"wp-block-microbio-blocks-flex flex-align-stretch flex-justify-start flex-gap-0 flex-columns no-wrap section-left-wide-img-blood--content--table--subgrid\" style=\"--custom-gap:0\">\n<div class=\"wp-block-microbio-blocks-flex aligncenter flex-align-center flex-justify-center no-wrap theme-margins\" style=\"--custom-gap:32px\">\n<div class=\"wp-block-microbio-blocks-flex aligncenter flex-align-center flex-justify-space-between flex-gap-0 no-wrap half-cell-width\" style=\"--custom-gap:0\">\n<h3 class=\"wp-block-heading has-heading-4-font-size\">Piante in vaso:<\/h3>\n\n\n\n<p>Settembre e ottobre<\/p>\n<\/div>\n<\/div>\n\n\n\n<div class=\"wp-block-microbio-blocks-flex aligncenter flex-align-center flex-justify-center no-wrap theme-margins\" style=\"--custom-gap:32px\">\n<div class=\"wp-block-microbio-blocks-flex aligncenter flex-align-center flex-justify-space-between flex-gap-0 no-wrap half-cell-width\" style=\"--custom-gap:0\">\n<h3 class=\"wp-block-heading has-heading-4-font-size\">Pianta a radice nuda:<\/h3>\n\n\n\n<p>Ottobre<\/p>\n<\/div>\n<\/div>\n\n\n\n<div class=\"wp-block-microbio-blocks-flex aligncenter flex-align-center flex-justify-center no-wrap theme-margins\" style=\"--custom-gap:32px\">\n<div class=\"wp-block-microbio-blocks-flex aligncenter flex-align-center flex-justify-space-between flex-gap-0 no-wrap half-cell-width\" style=\"--custom-gap:0\">\n<h3 class=\"wp-block-heading has-heading-4-font-size\">Pianta frigorifera:<\/h3>\n\n\n\n<p>Da luglio a settembre<\/p>\n<\/div>\n<\/div>\n<\/div>\n<\/div>\n\n\n\n<div class=\"wp-block-microbio-blocks-grid-cell grid-row-1 grid-column-6 grid-column-mobile-4 fruit-map-cell\" style=\"--mobile-order:\">\n<div class=\"wp-block-microbio-blocks-flex flex-align-start flex-justify-start flex-gap-0 flex-columns no-wrap flex-max-width flex-align-self-center theme-margins\" style=\"padding-top:var(--wp--preset--spacing--space-lg);padding-bottom:var(--wp--preset--spacing--space-lg);--custom-gap:0;--flex-max-width:var(--_half-cell-width)\">\n<h2 class=\"wp-block-heading\">Dove coltivarlo<\/h2>\n\n\n\n<p>Primavera\u00ae si adatta molto bene ai climi temperati: sud della Spagna, arco mediterraneo e nord Africa.<\/p>\n<\/div>\n\n\n\n<figure class=\"wp-block-image size-full\"><img decoding=\"async\" width=\"960\" height=\"900\" src=\"https:\/\/elpinar.eu\/wp-content\/uploads\/2025\/12\/Mapa-variedad-dia-corto.svg\" alt=\"\" class=\"wp-image-4674\"\/><\/figure>\n<\/div>\n<\/div>\n<\/section>\n\n<section class=\"wp-block-microbio-blocks-section-v2 child-default section-align-center alignfull\" style=\"--min-height:400px;--min-height-mobile:400px;--focal:54% 78%;--focal-mobile:50% 50%\" data-animation-enter=\"alpha\"><figure class=\"wp-block-image size-full section-img-bg\"><img decoding=\"async\" width=\"2000\" height=\"1500\" src=\"https:\/\/elpinar.eu\/wp-content\/uploads\/2025\/12\/Primavera-079.webp\" alt=\"\" class=\"wp-image-4372\" srcset=\"https:\/\/elpinar.eu\/wp-content\/uploads\/2025\/12\/Primavera-079.webp 2000w, https:\/\/elpinar.eu\/wp-content\/uploads\/2025\/12\/Primavera-079-850x638.webp 850w, https:\/\/elpinar.eu\/wp-content\/uploads\/2025\/12\/Primavera-079-1200x900.webp 1200w, https:\/\/elpinar.eu\/wp-content\/uploads\/2025\/12\/Primavera-079-300x225.webp 300w, https:\/\/elpinar.eu\/wp-content\/uploads\/2025\/12\/Primavera-079-768x576.webp 768w, https:\/\/elpinar.eu\/wp-content\/uploads\/2025\/12\/Primavera-079-1024x768.webp 1024w, https:\/\/elpinar.eu\/wp-content\/uploads\/2025\/12\/Primavera-079-1536x1152.webp 1536w, https:\/\/elpinar.eu\/wp-content\/uploads\/2025\/12\/Primavera-079-500x375.webp 500w\" sizes=\"(max-width: 2000px) 100vw, 2000px\" \/><\/figure><\/section>\n\n<section class=\"wp-block-microbio-blocks-section-v2 svg-banner-bg has-pink-dark-background-color has-background child-wide section-align-center alignfull\" style=\"padding-top:var(--wp--preset--spacing--space-lg);padding-bottom:var(--wp--preset--spacing--space-lg);--min-height:0;--min-height-mobile:0;--focal:100% 54%;--focal-mobile:98% 50%\" data-animation-enter=\"alpha\"><figure class=\"wp-block-image size-full section-img-bg\"><img decoding=\"async\" width=\"650\" height=\"456\" src=\"https:\/\/elpinar.eu\/wp-content\/uploads\/2025\/11\/fresas-bg.svg\" alt=\"\" class=\"wp-image-209\"\/><\/figure>\n<div class=\"wp-block-microbio-blocks-flex flex-align-start flex-justify-start flex-gap-0 flex-columns no-wrap flex-max-width theme-margins\" style=\"--custom-gap:0;--flex-max-width:680px\">\n<h2 class=\"wp-block-heading\">Primavera\u00ae<\/h2>\n\n\n\n<p>Una variet\u00e0 precoce, versatile e costante, progettata per dare agli agricoltori fiducia e freschezza sul mercato fin dall&#8217;inizio della stagione.<\/p>\n\n\n\n<a class=\"wp-block-microbio-blocks-button btn-size-default btn-icon is-style-light\" target=\"\" href=\"\" rel=\"noopener\" title=\"\"><span>Contattaci ora<\/span><svg width=\"15\" height=\"15\"><use xlink:href=\"\/wp-content\/themes\/el-pinar\/assets\/img\/el-pinar-icons.svg#arrow-up-right\"\/><\/svg><\/a>\n<\/div>\n<\/section>\n","protected":false},"excerpt":{"rendered":"","protected":false},"featured_media":0,"menu_order":0,"template":"","meta":{"footnotes":""},"tipo-planta":[250],"class_list":["post-5190","plantas","type-plantas","status-publish","hentry","tipo-planta-giornata-corta"],"_links":{"self":[{"href":"https:\/\/elpinar.eu\/it\/wp-json\/wp\/v2\/plantas\/5190","targetHints":{"allow":["GET"]}}],"collection":[{"href":"https:\/\/elpinar.eu\/it\/wp-json\/wp\/v2\/plantas"}],"about":[{"href":"https:\/\/elpinar.eu\/it\/wp-json\/wp\/v2\/types\/plantas"}],"version-history":[{"count":2,"href":"https:\/\/elpinar.eu\/it\/wp-json\/wp\/v2\/plantas\/5190\/revisions"}],"predecessor-version":[{"id":5207,"href":"https:\/\/elpinar.eu\/it\/wp-json\/wp\/v2\/plantas\/5190\/revisions\/5207"}],"wp:attachment":[{"href":"https:\/\/elpinar.eu\/it\/wp-json\/wp\/v2\/media?parent=5190"}],"wp:term":[{"taxonomy":"tipo-planta","embeddable":true,"href":"https:\/\/elpinar.eu\/it\/wp-json\/wp\/v2\/tipo-planta?post=5190"}],"curies":[{"name":"wp","href":"https:\/\/api.w.org\/{rel}","templated":true}]}}