{"id":5116,"date":"2025-11-11T08:25:43","date_gmt":"2025-11-11T07:25:43","guid":{"rendered":"https:\/\/elpinar.eu\/collabora-con-noi\/"},"modified":"2026-08-11T10:22:01","modified_gmt":"2026-08-11T08:22:01","slug":"collabora-con-noi","status":"publish","type":"page","link":"https:\/\/elpinar.eu\/it\/collabora-con-noi\/","title":{"rendered":"Collabora con noi"},"content":{"rendered":"\n<section class=\"wp-block-microbio-blocks-section-v2 is-style-section-pd-l has-white-color has-text-color has-link-color child-wide section-align-end alignfull section-ramp section-bg-ramp-gray wp-elements-1\" style=\"--min-height:90vh;--min-height-mobile:80vh;--focal:50% 50%;--focal-mobile:50% 50%\" data-animation-enter=\"alpha\"><figure class=\"wp-block-image size-full section-img-bg\"><img decoding=\"async\" width=\"2560\" height=\"1707\" src=\"https:\/\/elpinar.eu\/wp-content\/uploads\/2026\/08\/EL-PINAR-JPEG-3000px-012-4-scaled.webp\" alt=\"\" class=\"wp-image-6266\" srcset=\"https:\/\/elpinar.eu\/wp-content\/uploads\/2026\/08\/EL-PINAR-JPEG-3000px-012-4-scaled.webp 2560w, https:\/\/elpinar.eu\/wp-content\/uploads\/2026\/08\/EL-PINAR-JPEG-3000px-012-4-300x200.webp 300w, https:\/\/elpinar.eu\/wp-content\/uploads\/2026\/08\/EL-PINAR-JPEG-3000px-012-4-1024x683.webp 1024w, https:\/\/elpinar.eu\/wp-content\/uploads\/2026\/08\/EL-PINAR-JPEG-3000px-012-4-768x512.webp 768w, https:\/\/elpinar.eu\/wp-content\/uploads\/2026\/08\/EL-PINAR-JPEG-3000px-012-4-1536x1024.webp 1536w, https:\/\/elpinar.eu\/wp-content\/uploads\/2026\/08\/EL-PINAR-JPEG-3000px-012-4-2048x1365.webp 2048w, https:\/\/elpinar.eu\/wp-content\/uploads\/2026\/08\/EL-PINAR-JPEG-3000px-012-4-500x333.webp 500w, https:\/\/elpinar.eu\/wp-content\/uploads\/2026\/08\/EL-PINAR-JPEG-3000px-012-4-850x567.webp 850w, https:\/\/elpinar.eu\/wp-content\/uploads\/2026\/08\/EL-PINAR-JPEG-3000px-012-4-1200x800.webp 1200w\" sizes=\"(max-width: 2560px) 100vw, 2560px\" \/><\/figure>\n<div class=\"wp-block-microbio-blocks-flex flex-align-start flex-justify-start flex-columns no-wrap flex-max-width\" style=\"margin-top:var(--wp--preset--spacing--space-xs);--custom-gap:24px;--flex-max-width:1000px\">\n<h1 class=\"wp-block-heading is-style-microbio-animations-heading-enter\">Non stiamo cercando persone qualunque. Cerchiamo non conformisti <\/h1>\n\n\n\n<div class=\"wp-block-microbio-blocks-animate-block gsap-animation-enter\" data-animation-enter=\"alpha\" data-animation-scroll=\"bottom\" data-animation-scroll-measure=\"100\" data-animation-scroll-mobile=\"none\" data-animation-scroll-mobile-measure=\"50\" data-animation-enter-delay=\"300\">\n<p class=\"wp-block-paragraph\">A El Pinar non comprendiamo il lavoro come routine, ma come una sfida costante per fare meglio ci\u00f2 che gi\u00e0 sappiamo fare.<\/p>\n<\/div>\n<\/div>\n<\/section>\n\n<section class=\"wp-block-microbio-blocks-section-v2 is-style-section-pd-xl home-section-cards-sticky has-grey-light-2-background-color has-background child-wide section-align-center alignfull\" style=\"--min-height:0;--min-height-mobile:0\" data-animation-enter=\"alpha\">\n<div class=\"wp-block-microbio-blocks-flex is-style-card has-white-background-color has-background flex-align-start flex-justify-space-between flex-gap-2 theme-margins\" style=\"--custom-gap:0\">\n<div class=\"wp-block-microbio-blocks-flex flex-align-start flex-justify-start flex-gap-0 flex-columns flex-max-width theme-margins\" style=\"--custom-gap:0;--flex-max-width:450px\">\n<span class=\"wp-block-microbio-blocks-badge is-style-pink badge-size-default\">Azienda familiare<\/span>\n\n\n\n<h2 class=\"wp-block-heading\">Un luogo vivente, in movimento<\/h2>\n\n\n\n<p class=\"wp-block-paragraph\">Siamo un&#8217;azienda familiare con oltre 40 anni di storia e un presente internazionale. Un team di persone provenienti da background diversi, generazioni e profili professionali che credono nel valore dello sforzo, della curiosit\u00e0 e dell&#8217;impegno come modo per crescere insieme. Non veniamo qui solo per lavorare, ma per trasformare il modo in cui coltiviamo le piante e le bacche che raggiungono agricoltori e consumatori in tutto il mondo.  <\/p>\n<\/div>\n\n\n\n<div class=\"wp-block-microbio-blocks-flex flex-align-start flex-justify-start flex-gap-0 flex-max-width\" style=\"--custom-gap:0;--flex-max-width:50%\">\n<figure class=\"wp-block-image size-full\"><img decoding=\"async\" width=\"2560\" height=\"1707\" src=\"https:\/\/elpinar.eu\/wp-content\/uploads\/2026\/08\/EL-PINAR-JPEG-3000px-189-4-scaled.webp\" alt=\"\" class=\"wp-image-6267\" style=\"aspect-ratio:3\/2;object-fit:cover\" srcset=\"https:\/\/elpinar.eu\/wp-content\/uploads\/2026\/08\/EL-PINAR-JPEG-3000px-189-4-scaled.webp 2560w, https:\/\/elpinar.eu\/wp-content\/uploads\/2026\/08\/EL-PINAR-JPEG-3000px-189-4-300x200.webp 300w, https:\/\/elpinar.eu\/wp-content\/uploads\/2026\/08\/EL-PINAR-JPEG-3000px-189-4-1024x683.webp 1024w, https:\/\/elpinar.eu\/wp-content\/uploads\/2026\/08\/EL-PINAR-JPEG-3000px-189-4-768x512.webp 768w, https:\/\/elpinar.eu\/wp-content\/uploads\/2026\/08\/EL-PINAR-JPEG-3000px-189-4-1536x1024.webp 1536w, https:\/\/elpinar.eu\/wp-content\/uploads\/2026\/08\/EL-PINAR-JPEG-3000px-189-4-2048x1365.webp 2048w, https:\/\/elpinar.eu\/wp-content\/uploads\/2026\/08\/EL-PINAR-JPEG-3000px-189-4-500x333.webp 500w, https:\/\/elpinar.eu\/wp-content\/uploads\/2026\/08\/EL-PINAR-JPEG-3000px-189-4-850x567.webp 850w, https:\/\/elpinar.eu\/wp-content\/uploads\/2026\/08\/EL-PINAR-JPEG-3000px-189-4-1200x800.webp 1200w\" sizes=\"(max-width: 2560px) 100vw, 2560px\" \/><\/figure>\n<\/div>\n<\/div>\n\n\n\n<div class=\"wp-block-microbio-blocks-flex is-style-card has-white-background-color has-background flex-align-start flex-justify-space-between flex-gap-2 theme-margins\" style=\"--custom-gap:0\">\n<div class=\"wp-block-microbio-blocks-flex flex-align-start flex-justify-start flex-gap-0 flex-columns flex-max-width theme-margins\" style=\"--custom-gap:0;--flex-max-width:450px\">\n<span class=\"wp-block-microbio-blocks-badge is-style-pink badge-size-default\">Scopo<\/span>\n\n\n\n<h2 class=\"wp-block-heading\">Persone con carattere e scopo<\/h2>\n\n\n\n<p class=\"wp-block-paragraph\">Vogliamo aggiungere al nostro team coloro che amano la sfida, sono impegnati nel lungo termine e sanno che aggiungere valore \u00e8 molto pi\u00f9 che soddisfare un compito. Se sei pratico, testardo quando necessario e capace di guardare oltre l&#8217;ovvio, questo \u00e8 il posto giusto. <\/p>\n<\/div>\n\n\n\n<div class=\"wp-block-microbio-blocks-flex flex-align-start flex-justify-start flex-gap-0 flex-max-width\" style=\"--custom-gap:0;--flex-max-width:50%\">\n<figure class=\"wp-block-image size-full\"><img decoding=\"async\" width=\"2560\" height=\"1707\" src=\"https:\/\/elpinar.eu\/wp-content\/uploads\/2026\/08\/EL-PINAR-JPEG-3000px-099-3-scaled.webp\" alt=\"\" class=\"wp-image-6265\" style=\"aspect-ratio:3\/2;object-fit:cover\" srcset=\"https:\/\/elpinar.eu\/wp-content\/uploads\/2026\/08\/EL-PINAR-JPEG-3000px-099-3-scaled.webp 2560w, https:\/\/elpinar.eu\/wp-content\/uploads\/2026\/08\/EL-PINAR-JPEG-3000px-099-3-300x200.webp 300w, https:\/\/elpinar.eu\/wp-content\/uploads\/2026\/08\/EL-PINAR-JPEG-3000px-099-3-1024x683.webp 1024w, https:\/\/elpinar.eu\/wp-content\/uploads\/2026\/08\/EL-PINAR-JPEG-3000px-099-3-768x512.webp 768w, https:\/\/elpinar.eu\/wp-content\/uploads\/2026\/08\/EL-PINAR-JPEG-3000px-099-3-1536x1024.webp 1536w, https:\/\/elpinar.eu\/wp-content\/uploads\/2026\/08\/EL-PINAR-JPEG-3000px-099-3-2048x1365.webp 2048w, https:\/\/elpinar.eu\/wp-content\/uploads\/2026\/08\/EL-PINAR-JPEG-3000px-099-3-500x333.webp 500w, https:\/\/elpinar.eu\/wp-content\/uploads\/2026\/08\/EL-PINAR-JPEG-3000px-099-3-850x567.webp 850w, https:\/\/elpinar.eu\/wp-content\/uploads\/2026\/08\/EL-PINAR-JPEG-3000px-099-3-1200x800.webp 1200w\" sizes=\"(max-width: 2560px) 100vw, 2560px\" \/><\/figure>\n<\/div>\n<\/div>\n\n\n\n<div class=\"wp-block-microbio-blocks-flex is-style-card has-white-background-color has-background flex-align-start flex-justify-space-between flex-gap-2 theme-margins\" style=\"--custom-gap:0\">\n<div class=\"wp-block-microbio-blocks-flex flex-align-start flex-justify-start flex-gap-0 flex-columns flex-max-width theme-margins\" style=\"--custom-gap:0;--flex-max-width:450px\">\n<span class=\"wp-block-microbio-blocks-badge is-style-pink badge-size-default\">Diversit\u00e0<\/span>\n\n\n\n<h2 class=\"wp-block-heading\">Profili diversi, un obiettivo comune<\/h2>\n\n\n\n<p class=\"wp-block-paragraph\">La somma dei talenti \u00e8 il motore della nostra crescita. Per questo motivo, integriamo profili tanto diversi quanto necessario: da esperti in Logistica e gestione del Commercio Internazionale, a specialisti in Qualit\u00e0, Amministrazione o nella manutenzione e pulizia delle nostre strutture. Insieme formiamo un team di professionisti impegnati in ci\u00f2 che conta.  <\/p>\n<\/div>\n\n\n\n<div class=\"wp-block-microbio-blocks-flex flex-align-start flex-justify-start flex-gap-0 flex-max-width\" style=\"--custom-gap:0;--flex-max-width:50%\">\n<figure class=\"wp-block-image size-full\"><img decoding=\"async\" width=\"1919\" height=\"1079\" src=\"https:\/\/elpinar.eu\/wp-content\/uploads\/2026\/08\/Distintos-perfiles-un-fin-en-comun_1.webp\" alt=\"\" class=\"wp-image-6269\" style=\"aspect-ratio:3\/2;object-fit:cover\" srcset=\"https:\/\/elpinar.eu\/wp-content\/uploads\/2026\/08\/Distintos-perfiles-un-fin-en-comun_1.webp 1919w, https:\/\/elpinar.eu\/wp-content\/uploads\/2026\/08\/Distintos-perfiles-un-fin-en-comun_1-300x169.webp 300w, https:\/\/elpinar.eu\/wp-content\/uploads\/2026\/08\/Distintos-perfiles-un-fin-en-comun_1-1024x576.webp 1024w, https:\/\/elpinar.eu\/wp-content\/uploads\/2026\/08\/Distintos-perfiles-un-fin-en-comun_1-768x432.webp 768w, https:\/\/elpinar.eu\/wp-content\/uploads\/2026\/08\/Distintos-perfiles-un-fin-en-comun_1-1536x864.webp 1536w, https:\/\/elpinar.eu\/wp-content\/uploads\/2026\/08\/Distintos-perfiles-un-fin-en-comun_1-500x281.webp 500w, https:\/\/elpinar.eu\/wp-content\/uploads\/2026\/08\/Distintos-perfiles-un-fin-en-comun_1-850x478.webp 850w, https:\/\/elpinar.eu\/wp-content\/uploads\/2026\/08\/Distintos-perfiles-un-fin-en-comun_1-1200x675.webp 1200w\" sizes=\"(max-width: 1919px) 100vw, 1919px\" \/><\/figure>\n<\/div>\n<\/div>\n\n\n\n<div class=\"spacer\"><\/div>\n<\/section>\n\n<section class=\"wp-block-microbio-blocks-section-v2 is-style-default work-with-us-map has-grey-light-2-background-color has-background child-wide section-align-center alignfull\" style=\"padding-bottom:var(--wp--preset--spacing--space-m);--min-height:0;--min-height-mobile:0\" data-animation-enter=\"alpha\">\n<div class=\"wp-block-microbio-blocks-flex flex-align-start flex-justify-start flex-gap-1 flex-columns no-wrap flex-max-width\" style=\"--custom-gap:0;--flex-max-width:min(510px, 40%)\">\n<h2 class=\"wp-block-heading\">Da Segovia al mondo<\/h2>\n\n\n\n<p class=\"wp-block-paragraph\">I nostri campi produttivi in Spagna sono a Segovia, \u00c1vila e Huelva, cos\u00ec come in Portogallo (Odemira), Romania (Caralasi), Italia (Basilicata) e Grecia (Manolada). Da ciascuna di queste sedi, il nostro team rende possibile a El Pinar di continuare a crescere e che i nostri frutti arrivino sul mercato sotto il marchio Mumu. <\/p>\n<\/div>\n\n\n\n<figure class=\"wp-block-image size-full wp-block-hidden-mobile\"><img decoding=\"async\" width=\"1824\" height=\"855\" fetchpriority=\"auto\" src=\"https:\/\/elpinar.eu\/wp-content\/uploads\/2026\/03\/trabaja-con-nosotros-mapa.webp\" alt=\"\" class=\"wp-image-4667\" srcset=\"https:\/\/elpinar.eu\/wp-content\/uploads\/2026\/03\/trabaja-con-nosotros-mapa.webp 1824w, https:\/\/elpinar.eu\/wp-content\/uploads\/2026\/03\/trabaja-con-nosotros-mapa-300x141.webp 300w, https:\/\/elpinar.eu\/wp-content\/uploads\/2026\/03\/trabaja-con-nosotros-mapa-1024x480.webp 1024w, https:\/\/elpinar.eu\/wp-content\/uploads\/2026\/03\/trabaja-con-nosotros-mapa-768x360.webp 768w, https:\/\/elpinar.eu\/wp-content\/uploads\/2026\/03\/trabaja-con-nosotros-mapa-1536x720.webp 1536w, https:\/\/elpinar.eu\/wp-content\/uploads\/2026\/03\/trabaja-con-nosotros-mapa-500x234.webp 500w, https:\/\/elpinar.eu\/wp-content\/uploads\/2026\/03\/trabaja-con-nosotros-mapa-850x398.webp 850w, https:\/\/elpinar.eu\/wp-content\/uploads\/2026\/03\/trabaja-con-nosotros-mapa-1200x563.webp 1200w\" sizes=\"(max-width: 1824px) 100vw, 1824px\" \/><\/figure>\n<\/section>\n\n<section class=\"wp-block-microbio-blocks-section-v2 is-style-section-pd-xl has-primary-background-color has-background child-wide section-align-center alignfull\" style=\"--min-height:0;--min-height-mobile:0\" data-animation-enter=\"alpha\">\n<div class=\"wp-block-microbio-blocks-flex aligncenter flex-align-center flex-justify-center flex-gap-0 flex-columns no-wrap flex-max-width flex-align-self-center theme-margins\" style=\"--custom-gap:0;--flex-max-width:980px\">\n<h2 class=\"wp-block-heading has-text-align-center\">Il tuo prossimo grande passo inizia qui<\/h2>\n\n\n\n<p class=\"has-text-align-center wp-block-paragraph\">Esplora le nostre posizioni attuali e trova il luogo in cui il tuo talento ti aiuter\u00e0 a sostenere il futuro.<\/p>\n<\/div>\n\n\n\n<h3 class=\"wp-block-heading has-heading-2-font-size\" style=\"margin-top:var(--wp--preset--spacing--space-xl)\">Posti vacanti attuali<\/h3>\n\n\n\n<div class=\"wp-block-microbio-blocks-grid-auto grid-align-stretch grid-gap-custom fill-grid\" style=\"margin-top:var(--wp--preset--spacing--space-m);--_cell-min-width:500px;--_grid-gap-custom:24px\">\n<div class=\"wp-block-microbio-blocks-flex is-style-card job-card has-white-background-color has-background flex-align-stretch flex-justify-start flex-gap-0 flex-columns no-wrap\" style=\"--custom-gap:0\">\n<div class=\"wp-block-microbio-blocks-flex flex-align-start flex-justify-start flex-columns no-wrap\" style=\"--custom-gap:16px\">\n<h4 class=\"wp-block-heading has-heading-3-font-size\">Responsabile turno<\/h4>\n\n\n\n<span class=\"wp-block-microbio-blocks-badge is-style-green badge-size-default\">Impianto di Confezione<\/span>\n<\/div>\n\n\n\n<div class=\"wp-block-microbio-blocks-flex flex-align-stretch flex-justify-start flex-columns no-wrap\" style=\"--custom-gap:20px\">\n<div class=\"wp-block-microbio-blocks-grid grid-align-start grid-gap-custom\" style=\"--_grid-gap-custom:24px\">\n<div class=\"wp-block-microbio-blocks-grid-cell grid-row-1 grid-column-3 grid-column-mobile-4\" style=\"--mobile-order:\">\n<p class=\"has-heading-font-family has-heading-4-font-size wp-block-paragraph\">Funzioni:  <\/p>\n<\/div>\n\n\n\n<div class=\"wp-block-microbio-blocks-grid-cell grid-row-1 grid-column-9 grid-column-mobile-4\" style=\"--mobile-order:\">\n<p class=\"has-text-color has-link-color wp-elements-2 wp-block-paragraph\" style=\"color:#4f4f4f\">Dirigere e supervisionare le funzioni di turno, avviare i macchinari, formazione sul campo, gestione degli incidenti, ecc.<\/p>\n<\/div>\n<\/div>\n\n\n\n<div class=\"wp-block-microbio-blocks-grid grid-align-start grid-gap-custom\" style=\"--_grid-gap-custom:24px\">\n<div class=\"wp-block-microbio-blocks-grid-cell grid-row-1 grid-column-3 grid-column-mobile-4\" style=\"--mobile-order:\">\n<p class=\"has-heading-font-family has-heading-4-font-size wp-block-paragraph\">Requisiti minimi:<\/p>\n<\/div>\n\n\n\n<div class=\"wp-block-microbio-blocks-grid-cell grid-row-1 grid-column-9 grid-column-mobile-4\" style=\"--mobile-order:\">\n<ul style=\"color:#4f4f4f\" class=\"wp-block-list has-text-color has-link-color wp-elements-3\">\n<li>Esperienza di lavoro in contesti industriali.  <\/li>\n\n\n\n<li>Disponibilit\u00e0 per lavorare in turni mattutini e pomeridiani a rotazione dal luned\u00ec alla domenica con due pause settimanali.<\/li>\n<\/ul>\n<\/div>\n<\/div>\n\n\n\n<div class=\"wp-block-microbio-blocks-grid grid-align-start grid-gap-custom\" style=\"--_grid-gap-custom:24px\">\n<div class=\"wp-block-microbio-blocks-grid-cell grid-row-1 grid-column-3 grid-column-mobile-4\" style=\"--mobile-order:\">\n<p class=\"has-heading-font-family has-heading-4-font-size wp-block-paragraph\">Posizione:<\/p>\n<\/div>\n\n\n\n<div class=\"wp-block-microbio-blocks-grid-cell grid-row-1 grid-column-9 grid-column-mobile-4\" style=\"--mobile-order:\">\n<p class=\"has-text-color has-link-color wp-elements-4 wp-block-paragraph\" style=\"color:#4f4f4f\">PGI Las Salinas, C\/Eduardo Capa Sacrist\u00e1n, 5, Coca (Segovia)<\/p>\n<\/div>\n<\/div>\n<\/div>\n\n\n\n<div class=\"wp-block-microbio-blocks-flex flex-align-start flex-justify-start flex-gap-0 flex-columns no-wrap\" style=\"--custom-gap:0\">\n<a class=\"wp-block-microbio-blocks-button btn-size-default btn-icon\" target=\"\" href=\"#te-sumas\" rel=\"noopener\" title=\"\"><span>Candidati per una posizione<\/span><svg width=\"15\" height=\"15\"><use xlink:href=\"\/wp-content\/themes\/el-pinar\/assets\/img\/el-pinar-icons.svg#arrow-up-right\"><\/use><\/svg><\/a>\n<\/div>\n<\/div>\n\n\n\n<div class=\"wp-block-microbio-blocks-flex is-style-card job-card has-white-background-color has-background flex-align-stretch flex-justify-start flex-gap-0 flex-columns no-wrap\" style=\"--custom-gap:0\">\n<div class=\"wp-block-microbio-blocks-flex flex-align-start flex-justify-start flex-columns no-wrap\" style=\"--custom-gap:16px\">\n<h4 class=\"wp-block-heading has-heading-3-font-size\">Pulizia del magazzino<\/h4>\n\n\n\n<span class=\"wp-block-microbio-blocks-badge is-style-green badge-size-default\">Impianto di Confezione<\/span>\n<\/div>\n\n\n\n<div class=\"wp-block-microbio-blocks-flex flex-align-stretch flex-justify-start flex-columns no-wrap\" style=\"--custom-gap:20px\">\n<div class=\"wp-block-microbio-blocks-grid grid-align-start grid-gap-custom\" style=\"--_grid-gap-custom:24px\">\n<div class=\"wp-block-microbio-blocks-grid-cell grid-row-1 grid-column-3 grid-column-mobile-4\" style=\"--mobile-order:\">\n<p class=\"has-heading-font-family has-heading-4-font-size wp-block-paragraph\">Funzioni:  <\/p>\n<\/div>\n\n\n\n<div class=\"wp-block-microbio-blocks-grid-cell grid-row-1 grid-column-9 grid-column-mobile-4\" style=\"--mobile-order:\">\n<p class=\"has-text-color has-link-color wp-elements-5 wp-block-paragraph\" style=\"color:#4f4f4f\">Pulizia e ordine delle strutture dell&#8217;impianto.<\/p>\n<\/div>\n<\/div>\n\n\n\n<div class=\"wp-block-microbio-blocks-grid grid-align-start grid-gap-custom\" style=\"--_grid-gap-custom:24px\">\n<div class=\"wp-block-microbio-blocks-grid-cell grid-row-1 grid-column-3 grid-column-mobile-4\" style=\"--mobile-order:\">\n<p class=\"has-heading-font-family has-heading-4-font-size wp-block-paragraph\">Requisiti minimi:<\/p>\n<\/div>\n\n\n\n<div class=\"wp-block-microbio-blocks-grid-cell grid-row-1 grid-column-9 grid-column-mobile-4\" style=\"--mobile-order:\">\n<ul style=\"color:#4f4f4f\" class=\"wp-block-list has-text-color has-link-color wp-elements-6\">\n<li>Disponibilit\u00e0 per lavorare in turni mattutini e pomeridiani a rotazione dal luned\u00ec alla domenica con due pause settimanali.<\/li>\n<\/ul>\n<\/div>\n<\/div>\n\n\n\n<div class=\"wp-block-microbio-blocks-grid grid-align-start grid-gap-custom\" style=\"--_grid-gap-custom:24px\">\n<div class=\"wp-block-microbio-blocks-grid-cell grid-row-1 grid-column-3 grid-column-mobile-4\" style=\"--mobile-order:\">\n<p class=\"has-heading-font-family has-heading-4-font-size wp-block-paragraph\">Posizione:<\/p>\n<\/div>\n\n\n\n<div class=\"wp-block-microbio-blocks-grid-cell grid-row-1 grid-column-9 grid-column-mobile-4\" style=\"--mobile-order:\">\n<p class=\"has-text-color has-link-color wp-elements-7 wp-block-paragraph\" style=\"color:#4f4f4f\">PGI Las Salinas, C\/Eduardo Capa Sacrist\u00e1n, 5, Coca (Segovia)<\/p>\n<\/div>\n<\/div>\n<\/div>\n\n\n\n<div class=\"wp-block-microbio-blocks-flex flex-align-start flex-justify-start flex-gap-0 flex-columns no-wrap\" style=\"--custom-gap:0\">\n<a class=\"wp-block-microbio-blocks-button btn-size-default btn-icon\" target=\"\" href=\"#te-sumas\" rel=\"noopener\" title=\"\"><span>Candidati per una posizione<\/span><svg width=\"15\" height=\"15\"><use xlink:href=\"\/wp-content\/themes\/el-pinar\/assets\/img\/el-pinar-icons.svg#arrow-up-right\"><\/use><\/svg><\/a>\n<\/div>\n<\/div>\n\n\n\n<div class=\"wp-block-microbio-blocks-flex is-style-card job-card has-white-background-color has-background flex-align-stretch flex-justify-start flex-gap-0 flex-columns no-wrap\" style=\"--custom-gap:0\">\n<div class=\"wp-block-microbio-blocks-flex flex-align-start flex-justify-start flex-columns no-wrap\" style=\"--custom-gap:16px\">\n<h4 class=\"wp-block-heading has-heading-3-font-size\">Operatore di carrello elevatore<\/h4>\n\n\n\n<span class=\"wp-block-microbio-blocks-badge is-style-green badge-size-default\">Impianto di Confezione<\/span>\n<\/div>\n\n\n\n<div class=\"wp-block-microbio-blocks-flex flex-align-stretch flex-justify-start flex-columns no-wrap\" style=\"--custom-gap:20px\">\n<div class=\"wp-block-microbio-blocks-grid grid-align-start grid-gap-custom\" style=\"--_grid-gap-custom:24px\">\n<div class=\"wp-block-microbio-blocks-grid-cell grid-row-1 grid-column-3 grid-column-mobile-4\" style=\"--mobile-order:\">\n<p class=\"has-heading-font-family has-heading-4-font-size wp-block-paragraph\">Funzioni:  <\/p>\n<\/div>\n\n\n\n<div class=\"wp-block-microbio-blocks-grid-cell grid-row-1 grid-column-9 grid-column-mobile-4\" style=\"--mobile-order:\">\n<p class=\"has-text-color has-link-color wp-elements-8 wp-block-paragraph\" style=\"color:#4f4f4f\">Carico e scarico di prodotti, preparazione degli ordini, spostamento del materiale nello stabilimento, ecc.<\/p>\n<\/div>\n<\/div>\n\n\n\n<div class=\"wp-block-microbio-blocks-grid grid-align-start grid-gap-custom\" style=\"--_grid-gap-custom:24px\">\n<div class=\"wp-block-microbio-blocks-grid-cell grid-row-1 grid-column-3 grid-column-mobile-4\" style=\"--mobile-order:\">\n<p class=\"has-heading-font-family has-heading-4-font-size wp-block-paragraph\">Requisiti minimi:<\/p>\n<\/div>\n\n\n\n<div class=\"wp-block-microbio-blocks-grid-cell grid-row-1 grid-column-9 grid-column-mobile-4\" style=\"--mobile-order:\">\n<ul style=\"color:#4f4f4f\" class=\"wp-block-list has-text-color has-link-color wp-elements-9\">\n<li>Essere in possesso di una licenza da conduttore di carrello elevatore.<\/li>\n\n\n\n<li>Patente B.<\/li>\n\n\n\n<li>Disponibilit\u00e0 per lavorare in turni mattutini e pomeridiani a rotazione dal luned\u00ec alla domenica con due pause settimanali.<\/li>\n<\/ul>\n<\/div>\n<\/div>\n\n\n\n<div class=\"wp-block-microbio-blocks-grid grid-align-start grid-gap-custom\" style=\"--_grid-gap-custom:24px\">\n<div class=\"wp-block-microbio-blocks-grid-cell grid-row-1 grid-column-3 grid-column-mobile-4\" style=\"--mobile-order:\">\n<p class=\"has-heading-font-family has-heading-4-font-size wp-block-paragraph\">Posizione:<\/p>\n<\/div>\n\n\n\n<div class=\"wp-block-microbio-blocks-grid-cell grid-row-1 grid-column-9 grid-column-mobile-4\" style=\"--mobile-order:\">\n<p class=\"has-text-color has-link-color wp-elements-10 wp-block-paragraph\" style=\"color:#4f4f4f\">PGI Las Salinas, C\/Eduardo Capa Sacrist\u00e1n, 5, Coca (Segovia)<\/p>\n<\/div>\n<\/div>\n<\/div>\n\n\n\n<div class=\"wp-block-microbio-blocks-flex flex-align-start flex-justify-start flex-gap-0 flex-columns no-wrap\" style=\"--custom-gap:0\">\n<a class=\"wp-block-microbio-blocks-button btn-size-default btn-icon\" target=\"\" href=\"#te-sumas\" rel=\"noopener\" title=\"\"><span>Candidati per una posizione<\/span><svg width=\"15\" height=\"15\"><use xlink:href=\"\/wp-content\/themes\/el-pinar\/assets\/img\/el-pinar-icons.svg#arrow-up-right\"><\/use><\/svg><\/a>\n<\/div>\n<\/div>\n\n\n\n<div class=\"wp-block-microbio-blocks-flex is-style-card job-card has-white-background-color has-background flex-align-stretch flex-justify-start flex-gap-0 flex-columns no-wrap\" style=\"--custom-gap:0\">\n<div class=\"wp-block-microbio-blocks-flex flex-align-start flex-justify-start flex-columns no-wrap\" style=\"--custom-gap:16px\">\n<h4 class=\"wp-block-heading has-heading-3-font-size\">Tecnico di Manutenzione Industriale<\/h4>\n\n\n\n<span class=\"wp-block-microbio-blocks-badge is-style-green badge-size-default\">Impianto di Confezione<\/span>\n<\/div>\n\n\n\n<div class=\"wp-block-microbio-blocks-flex flex-align-stretch flex-justify-start flex-columns no-wrap\" style=\"--custom-gap:20px\">\n<div class=\"wp-block-microbio-blocks-grid grid-align-start grid-gap-custom\" style=\"--_grid-gap-custom:24px\">\n<div class=\"wp-block-microbio-blocks-grid-cell grid-row-1 grid-column-3 grid-column-mobile-4\" style=\"--mobile-order:\">\n<p class=\"has-heading-font-family has-heading-4-font-size wp-block-paragraph\">Funzioni:  <\/p>\n<\/div>\n\n\n\n<div class=\"wp-block-microbio-blocks-grid-cell grid-row-1 grid-column-9 grid-column-mobile-4\" style=\"--mobile-order:\">\n<p class=\"has-text-color has-link-color wp-elements-11 wp-block-paragraph\" style=\"color:#4f4f4f\">Manutenzione preventiva e correttiva di macchinari (nastri trasportatori, macchine per imballaggio, camere frigorifere, ecc.)<\/p>\n<\/div>\n<\/div>\n\n\n\n<div class=\"wp-block-microbio-blocks-grid grid-align-start grid-gap-custom\" style=\"--_grid-gap-custom:24px\">\n<div class=\"wp-block-microbio-blocks-grid-cell grid-row-1 grid-column-3 grid-column-mobile-4\" style=\"--mobile-order:\">\n<p class=\"has-heading-font-family has-heading-4-font-size wp-block-paragraph\">Requisiti minimi:<\/p>\n<\/div>\n\n\n\n<div class=\"wp-block-microbio-blocks-grid-cell grid-row-1 grid-column-9 grid-column-mobile-4\" style=\"--mobile-order:\">\n<ul style=\"color:#4f4f4f\" class=\"wp-block-list has-text-color has-link-color wp-elements-12\">\n<li>Studi relativi alla manutenzione industriale, elettricit\u00e0, elettronica, meccanica, ecc.<\/li>\n\n\n\n<li>Disponibilit\u00e0 per lavorare in turni mattutini e pomeridiani a rotazione dal luned\u00ec alla domenica con due pause settimanali.<\/li>\n<\/ul>\n<\/div>\n<\/div>\n\n\n\n<div class=\"wp-block-microbio-blocks-grid grid-align-start grid-gap-custom\" style=\"--_grid-gap-custom:24px\">\n<div class=\"wp-block-microbio-blocks-grid-cell grid-row-1 grid-column-3 grid-column-mobile-4\" style=\"--mobile-order:\">\n<p class=\"has-heading-font-family has-heading-4-font-size wp-block-paragraph\">Posizione:<\/p>\n<\/div>\n\n\n\n<div class=\"wp-block-microbio-blocks-grid-cell grid-row-1 grid-column-9 grid-column-mobile-4\" style=\"--mobile-order:\">\n<p class=\"has-text-color has-link-color wp-elements-13 wp-block-paragraph\" style=\"color:#4f4f4f\">PGI Las Salinas, C\/Eduardo Capa Sacrist\u00e1n, 5, Coca (Segovia)<\/p>\n<\/div>\n<\/div>\n<\/div>\n\n\n\n<div class=\"wp-block-microbio-blocks-flex flex-align-start flex-justify-start flex-gap-0 flex-columns no-wrap\" style=\"--custom-gap:0\">\n<a class=\"wp-block-microbio-blocks-button btn-size-default btn-icon\" target=\"\" href=\"#te-sumas\" rel=\"noopener\" title=\"\"><span>Candidati per una posizione<\/span><svg width=\"15\" height=\"15\"><use xlink:href=\"\/wp-content\/themes\/el-pinar\/assets\/img\/el-pinar-icons.svg#arrow-up-right\"><\/use><\/svg><\/a>\n<\/div>\n<\/div>\n<\/div>\n\n\n\n<h3 class=\"wp-block-heading has-heading-2-font-size\" style=\"margin-top:var(--wp--preset--spacing--space-xl)\">Posti vacanti ricorrenti<\/h3>\n\n\n\n<div class=\"wp-block-microbio-blocks-grid-auto grid-align-stretch grid-gap-custom fill-grid\" style=\"margin-top:var(--wp--preset--spacing--space-m);--_cell-min-width:500px;--_grid-gap-custom:24px\">\n<div class=\"wp-block-microbio-blocks-flex is-style-card job-card has-white-background-color has-background flex-align-stretch flex-justify-start flex-gap-0 flex-columns no-wrap\" style=\"--custom-gap:0\">\n<div class=\"wp-block-microbio-blocks-flex flex-align-start flex-justify-start flex-columns no-wrap\" style=\"--custom-gap:16px\">\n<h4 class=\"wp-block-heading has-heading-3-font-size\">Tecnico sul campo<\/h4>\n\n\n\n<span class=\"wp-block-microbio-blocks-badge is-style-info badge-size-default\">Diverse localit\u00e0<\/span>\n<\/div>\n\n\n\n<div class=\"wp-block-microbio-blocks-flex flex-align-stretch flex-justify-start flex-columns no-wrap\" style=\"--custom-gap:20px\">\n<div class=\"wp-block-microbio-blocks-grid grid-align-start grid-gap-custom\" style=\"--_grid-gap-custom:24px\">\n<div class=\"wp-block-microbio-blocks-grid-cell grid-row-1 grid-column-3 grid-column-mobile-4\" style=\"--mobile-order:\">\n<p class=\"has-heading-font-family has-heading-4-font-size wp-block-paragraph\">Funzioni:  <\/p>\n<\/div>\n\n\n\n<div class=\"wp-block-microbio-blocks-grid-cell grid-row-1 grid-column-9 grid-column-mobile-4\" style=\"--mobile-order:\">\n<p class=\"has-text-color has-link-color wp-elements-14 wp-block-paragraph\" style=\"color:#4f4f4f\">Pianificare la produzione sul campo, gestire trattamenti fitosanitarii, coordinare un team di irrigatori, applicatori, autisti di trattori&#8230; Preparazione di rapporti e gestione documentale relative all&#8217;attivit\u00e0 agricola.<\/p>\n<\/div>\n<\/div>\n\n\n\n<div class=\"wp-block-microbio-blocks-grid grid-align-start grid-gap-custom\" style=\"--_grid-gap-custom:24px\">\n<div class=\"wp-block-microbio-blocks-grid-cell grid-row-1 grid-column-3 grid-column-mobile-4\" style=\"--mobile-order:\">\n<p class=\"has-heading-font-family has-heading-4-font-size wp-block-paragraph\">Requisiti minimi:<\/p>\n<\/div>\n\n\n\n<div class=\"wp-block-microbio-blocks-grid-cell grid-row-1 grid-column-9 grid-column-mobile-4\" style=\"--mobile-order:\">\n<ul style=\"color:#4f4f4f\" class=\"wp-block-list has-text-color has-link-color wp-elements-15\">\n<li>Ingegneria agricola o studi correlati.<\/li>\n<\/ul>\n<\/div>\n<\/div>\n\n\n\n<div class=\"wp-block-microbio-blocks-grid grid-align-start grid-gap-custom\" style=\"--_grid-gap-custom:24px\">\n<div class=\"wp-block-microbio-blocks-grid-cell grid-row-1 grid-column-3 grid-column-mobile-4\" style=\"--mobile-order:\">\n<p class=\"has-heading-font-family has-heading-4-font-size wp-block-paragraph\">Posizione:<\/p>\n<\/div>\n\n\n\n<div class=\"wp-block-microbio-blocks-grid-cell grid-row-1 grid-column-9 grid-column-mobile-4\" style=\"--mobile-order:\">\n<p class=\"has-text-color has-link-color wp-elements-16 wp-block-paragraph\" style=\"color:#4f4f4f\">Abbiamo un centro e una produzione situati a Segovia, \u00c1vila, Huelva, Portogallo, Grecia e Romania.<\/p>\n<\/div>\n<\/div>\n<\/div>\n\n\n\n<div class=\"wp-block-microbio-blocks-flex flex-align-start flex-justify-start flex-gap-0 flex-columns no-wrap\" style=\"--custom-gap:0\">\n<a class=\"wp-block-microbio-blocks-button btn-size-default btn-icon\" target=\"\" href=\"#te-sumas\" rel=\"noopener\" title=\"\"><span>Candidati per una posizione<\/span><svg width=\"15\" height=\"15\"><use xlink:href=\"\/wp-content\/themes\/el-pinar\/assets\/img\/el-pinar-icons.svg#arrow-up-right\"><\/use><\/svg><\/a>\n<\/div>\n<\/div>\n\n\n\n<div class=\"wp-block-microbio-blocks-flex is-style-card job-card has-white-background-color has-background flex-align-stretch flex-justify-start flex-gap-0 flex-columns no-wrap\" style=\"--custom-gap:0\">\n<div class=\"wp-block-microbio-blocks-flex flex-align-start flex-justify-start flex-columns no-wrap\" style=\"--custom-gap:16px\">\n<h4 class=\"wp-block-heading has-heading-3-font-size\">Tecnico della Qualit\u00e0 del Prodotto<\/h4>\n\n\n\n<span class=\"wp-block-microbio-blocks-badge is-style-green badge-size-default\">Impianto di Confezione<\/span>\n<\/div>\n\n\n\n<div class=\"wp-block-microbio-blocks-flex flex-align-stretch flex-justify-start flex-columns no-wrap\" style=\"--custom-gap:20px\">\n<div class=\"wp-block-microbio-blocks-grid grid-align-start grid-gap-custom\" style=\"--_grid-gap-custom:24px\">\n<div class=\"wp-block-microbio-blocks-grid-cell grid-row-1 grid-column-3 grid-column-mobile-4\" style=\"--mobile-order:\">\n<p class=\"has-heading-font-family has-heading-4-font-size wp-block-paragraph\">Funzioni:  <\/p>\n<\/div>\n\n\n\n<div class=\"wp-block-microbio-blocks-grid-cell grid-row-1 grid-column-9 grid-column-mobile-4\" style=\"--mobile-order:\">\n<p class=\"has-text-color has-link-color wp-elements-17 wp-block-paragraph\" style=\"color:#4f4f4f\">Monitoraggio end-to-end della qualit\u00e0 del prodotto, formazione sulla sicurezza alimentare, controllo delle migliori pratiche, supporto agli audit, ecc.<\/p>\n<\/div>\n<\/div>\n\n\n\n<div class=\"wp-block-microbio-blocks-grid grid-align-start grid-gap-custom\" style=\"--_grid-gap-custom:24px\">\n<div class=\"wp-block-microbio-blocks-grid-cell grid-row-1 grid-column-3 grid-column-mobile-4\" style=\"--mobile-order:\">\n<p class=\"has-heading-font-family has-heading-4-font-size wp-block-paragraph\">Requisiti minimi:<\/p>\n<\/div>\n\n\n\n<div class=\"wp-block-microbio-blocks-grid-cell grid-row-1 grid-column-9 grid-column-mobile-4\" style=\"--mobile-order:\">\n<ul style=\"color:#4f4f4f\" class=\"wp-block-list has-text-color has-link-color wp-elements-18\">\n<li>Formazione accademica legata al cibo o alla qualit\u00e0.<\/li>\n\n\n\n<li>Disponibilit\u00e0 per lavorare in turni mattutini e pomeridiani a rotazione dal luned\u00ec alla domenica con due pause settimanali.<\/li>\n<\/ul>\n<\/div>\n<\/div>\n\n\n\n<div class=\"wp-block-microbio-blocks-grid grid-align-start grid-gap-custom\" style=\"--_grid-gap-custom:24px\">\n<div class=\"wp-block-microbio-blocks-grid-cell grid-row-1 grid-column-3 grid-column-mobile-4\" style=\"--mobile-order:\">\n<p class=\"has-heading-font-family has-heading-4-font-size wp-block-paragraph\">Posizione:<\/p>\n<\/div>\n\n\n\n<div class=\"wp-block-microbio-blocks-grid-cell grid-row-1 grid-column-9 grid-column-mobile-4\" style=\"--mobile-order:\">\n<p class=\"has-text-color has-link-color wp-elements-19 wp-block-paragraph\" style=\"color:#4f4f4f\">PGI Las Salinas, C\/Eduardo Capa Sacrist\u00e1n, 5, Coca (Segovia)<\/p>\n<\/div>\n<\/div>\n<\/div>\n\n\n\n<div class=\"wp-block-microbio-blocks-flex flex-align-start flex-justify-start flex-gap-0 flex-columns no-wrap\" style=\"--custom-gap:0\">\n<a class=\"wp-block-microbio-blocks-button btn-size-default btn-icon\" target=\"\" href=\"#te-sumas\" rel=\"noopener\" title=\"\"><span>Candidati per una posizione<\/span><svg width=\"15\" height=\"15\"><use xlink:href=\"\/wp-content\/themes\/el-pinar\/assets\/img\/el-pinar-icons.svg#arrow-up-right\"><\/use><\/svg><\/a>\n<\/div>\n<\/div>\n<\/div>\n<\/section>\n\n<section class=\"wp-block-microbio-blocks-section-v2 is-style-section-pd-xl has-grey-light-2-background-color has-background child-default section-align-center alignfull\" style=\"--min-height:0;--min-height-mobile:0\" data-animation-enter=\"alpha\">\n<div class=\"wp-block-microbio-blocks-flex is-style-card has-white-background-color has-background flex-align-stretch flex-justify-start flex-gap-0 flex-columns no-wrap theme-margins\" style=\"--custom-gap:0\">\n<h2 class=\"wp-block-heading\">Vuoi unirti a noi?<\/h2>\n\n\n\n<p class=\"wp-block-paragraph\">Se vuoi far parte di un progetto non conformista con un futuro, lasciaci i tuoi dati e dicci chi sei.<\/p>\n\n\n\n<div class=\"wp-block-contact-form-7-contact-form-selector form-te-sumas\">\n<div class=\"wpcf7 no-js\" id=\"wpcf7-f4972-o1\" lang=\"it-IT\" dir=\"ltr\" data-wpcf7-id=\"4972\">\n<div class=\"screen-reader-response\"><p role=\"status\" aria-live=\"polite\" aria-atomic=\"true\"><\/p> <ul><\/ul><\/div>\n<form action=\"\/it\/wp-json\/wp\/v2\/pages\/5116#wpcf7-f4972-o1\" method=\"post\" class=\"wpcf7-form init\" id=\"te-sumas\" aria-label=\"Modulo di contatto\" enctype=\"multipart\/form-data\" novalidate=\"novalidate\" data-status=\"init\">\n<fieldset class=\"hidden-fields-container\"><input type=\"hidden\" name=\"_wpcf7\" value=\"4972\" \/><input type=\"hidden\" name=\"_wpcf7_version\" value=\"6.1.6\" \/><input type=\"hidden\" name=\"_wpcf7_locale\" value=\"it_IT\" \/><input type=\"hidden\" name=\"_wpcf7_unit_tag\" value=\"wpcf7-f4972-o1\" \/><input type=\"hidden\" name=\"_wpcf7_container_post\" value=\"0\" \/><input type=\"hidden\" name=\"_wpcf7_posted_data_hash\" value=\"\" \/>\n<\/fieldset>\n<div class=\"custom-form-grid\">\n<label>  Come ti chiami?\n <span class=\"wpcf7-form-control-wrap\" data-name=\"il\"><input size=\"40\" maxlength=\"400\" class=\"wpcf7-form-control wpcf7-text wpcf7-validates-as-required\" aria-required=\"true\" aria-invalid=\"false\" value=\"Scrivi il tuo nome\" type=\"text\" name=\"il\" \/><\/span> <\/label>\n<label>  Dicci il tuo numero\n di telefono <span class=\"wpcf7-form-control-wrap\" data-name=\"segnaposto\"><input size=\"40\" maxlength=\"400\" class=\"wpcf7-form-control wpcf7-tel wpcf7-validates-as-required wpcf7-text wpcf7-validates-as-tel\" aria-required=\"true\" aria-invalid=\"false\" value=\"Inserisci il tuo numero di telefono\" type=\"tel\" name=\"segnaposto\" \/><\/span> <\/label>\n<label>  Fornici un'email\n <span class=\"wpcf7-form-control-wrap\" data-name=\"la\"><input size=\"40\" maxlength=\"400\" class=\"wpcf7-form-control wpcf7-email wpcf7-validates-as-required wpcf7-text wpcf7-validates-as-email\" aria-required=\"true\" aria-invalid=\"false\" value=\"Inserisci il tuo indirizzo email\" type=\"email\" name=\"la\" \/><\/span> <\/label>\n<label>  Cosa ti interessa?\n <span class=\"wpcf7-form-control-wrap\" data-name=\"menu-339\"><select class=\"wpcf7-form-control wpcf7-select wpcf7-validates-as-required\" aria-required=\"true\" aria-invalid=\"false\" name=\"menu-339\"><option value=\"Responsabile turno\">Responsabile turno<\/option><option value=\"Pulizia magazzino\">Pulizia magazzino<\/option><option value=\"Operatore\">Operatore<\/option><option value=\"di carrelli elevatori Tecnico Manutenzione industriale\">di carrelli elevatori Tecnico Manutenzione industriale<\/option><option value=\"Tecnico sul campo\">Tecnico sul campo<\/option><option value=\"Tecnico Qualit\u00e0 Prodotto\">Tecnico Qualit\u00e0 Prodotto<\/option><\/select><\/span> <\/label>\n<label>  Dove vuoi lavorare?\n <span class=\"wpcf7-form-control-wrap\" data-name=\"menu-340\"><select class=\"wpcf7-form-control wpcf7-select wpcf7-validates-as-required\" aria-required=\"true\" aria-invalid=\"false\" name=\"menu-340\"><option value=\"Spagna\">Spagna<\/option><option value=\", Portogallo\">, Portogallo<\/option><option value=\", Romania\">, Romania<\/option><\/select><\/span> <\/label>\n<label>  Allega il tuo CV\n    <span class=\"wpcf7-form-control-wrap\" data-name=\"file-860\"><input size=\"40\" class=\"wpcf7-form-control wpcf7-file\" accept=\"audio\/*,video\/*,image\/*\" aria-invalid=\"false\" type=\"file\" name=\"file-860\" \/><\/span> <\/label>\n\n<\/div>\n<label> Scrivici un<span class=\"wpcf7-form-control-wrap\" data-name=\"your-message\"><textarea cols=\"40\" rows=\"10\" maxlength=\"2000\" class=\"wpcf7-form-control wpcf7-textarea\" aria-invalid=\"false\" placeholder=\"messaggio\" name=\"your-message\"><\/textarea><\/span>.\n     <\/label>\n<\/div>\n<div class=\"custom-form-acceptance\"><span class=\"wpcf7-form-control-wrap\" data-name=\"acceptance-265\"><span class=\"wpcf7-form-control wpcf7-acceptance\"><span class=\"wpcf7-list-item\"><label><input type=\"checkbox\" name=\"acceptance-265\" value=\"1\" aria-invalid=\"false\" \/><span class=\"wpcf7-list-item-label\">Accetto l'Informativa sulla Privacy e l'Avviso Legale<\/span><\/label><\/span><\/span><\/span><\/div>\n<div class=\"cf7-cf-turnstile\" style=\"margin-top: 0px; margin-bottom: -15px;\"> <div id=\"cf-turnstile-cf7-2512150456\" class=\"cf-turnstile\" data-sitekey=\"0x4AAAAAAAEpVrTyecyO5TLK\" data-theme=\"light\" data-language=\"auto\" data-size=\"normal\" data-retry=\"auto\" data-retry-interval=\"1000\" data-refresh-expired=\"auto\" data-refresh-timeout=\"auto\" data-action=\"contact-form-7\" data-callback=\"turnstileCF7Callback\" data-appearance=\"always\"><\/div> <style>.wpcf7-submit { pointer-events: none; opacity: 0.5; }<\/style> <script data-cfasync=\"false\">(window.cfturnstileQueue=window.cfturnstileQueue||[]).push(\"-cf7-2512150456\");if(window.cfturnstileRender)window.cfturnstileRender();<\/script> <br class=\"cf-turnstile-br cf-turnstile-br-cf7-2512150456\"> <style>#cf-turnstile-cf7-2512150456 { margin-left: -15px; }<\/style> <script>document.addEventListener(\"DOMContentLoaded\",function(){document.querySelectorAll('.wpcf7-form').forEach(function(e){e.addEventListener('submit',function(){if(document.getElementById('cf-turnstile-cf7-2512150456')){setTimeout(function(){turnstile.reset('#cf-turnstile-cf7-2512150456');},1000)}})})});<\/script> <\/div><br\/><button type=\"submit\"class=\"wpcf7-form-control wpcf7-submit has-spinner wp-block-microbio-blocks-button btn-icon btn-size-default\"   \/>\n            <span>Invia<\/span>\n           <svg width=\"15\" height=\"15\"><use xlink:href=\"\/wp-content\/themes\/el-pinar\/assets\/img\/el-pinar-icons.svg#arrow-up-right\"><\/use><\/svg>\n        <\/button><div class=\"wpcf7-response-output\" aria-hidden=\"true\"><\/div>\n<\/form>\n<\/div>\n<\/div>\n<\/div>\n<\/section>\n","protected":false},"excerpt":{"rendered":"","protected":false},"author":1,"featured_media":0,"parent":0,"menu_order":0,"comment_status":"closed","ping_status":"closed","template":"","meta":{"footnotes":""},"class_list":["post-5116","page","type-page","status-publish","hentry"],"_links":{"self":[{"href":"https:\/\/elpinar.eu\/it\/wp-json\/wp\/v2\/pages\/5116","targetHints":{"allow":["GET"]}}],"collection":[{"href":"https:\/\/elpinar.eu\/it\/wp-json\/wp\/v2\/pages"}],"about":[{"href":"https:\/\/elpinar.eu\/it\/wp-json\/wp\/v2\/types\/page"}],"author":[{"embeddable":true,"href":"https:\/\/elpinar.eu\/it\/wp-json\/wp\/v2\/users\/1"}],"replies":[{"embeddable":true,"href":"https:\/\/elpinar.eu\/it\/wp-json\/wp\/v2\/comments?post=5116"}],"version-history":[{"count":4,"href":"https:\/\/elpinar.eu\/it\/wp-json\/wp\/v2\/pages\/5116\/revisions"}],"predecessor-version":[{"id":6407,"href":"https:\/\/elpinar.eu\/it\/wp-json\/wp\/v2\/pages\/5116\/revisions\/6407"}],"wp:attachment":[{"href":"https:\/\/elpinar.eu\/it\/wp-json\/wp\/v2\/media?parent=5116"}],"curies":[{"name":"wp","href":"https:\/\/api.w.org\/{rel}","templated":true}]}}