{"id":5196,"date":"2025-12-02T12:12:03","date_gmt":"2025-12-02T11:12:03","guid":{"rendered":"https:\/\/elpinar.eu\/produccion-de-plantas-variedades\/printemps\/"},"modified":"2026-03-24T11:37:56","modified_gmt":"2026-03-24T10:37:56","slug":"printemps","status":"publish","type":"plantas","link":"https:\/\/elpinar.eu\/fr\/produccion-de-plantas-variedades\/journee-courte\/printemps\/","title":{"rendered":"Printemps\u00ae"},"content":{"rendered":"\n<section class=\"wp-block-microbio-blocks-section-v2 section-left-wide-img-blood single-plantas--sticky-section has-grey-light-2-background-color has-background child-full section-align-start alignfull force-blood\" style=\"--min-height:0;--min-height-mobile:0\" data-animation-enter=\"alpha\">\n<div class=\"wp-block-microbio-blocks-grid grid-align-stretch grid-gap-none\">\n<div class=\"wp-block-microbio-blocks-grid-cell grid-row-1 grid-column-6 grid-column-mobile-4 section-left-wide-img-blood--content section-left-wide-img-blood--content--centered\" style=\"padding-top:var(--wp--preset--spacing--space-m);padding-bottom:var(--wp--preset--spacing--space-m);--mobile-order:\">\n<div class=\"wp-block-microbio-blocks-flex flex-align-start flex-justify-start flex-columns no-wrap theme-margins half-cell-width\" style=\"--custom-gap:32px\"><div class=\"taxonomy-tipo-planta wp-block-post-terms\"><a href=\"https:\/\/elpinar.eu\/fr\/produccion-de-plantas-variedades\/journee-courte\/\" rel=\"tag\">Journ\u00e9e courte<\/a><\/div>\n\n\n<div class=\"wp-block-microbio-blocks-flex flex-align-start flex-justify-start flex-gap-0 flex-columns no-wrap theme-margins\" style=\"--custom-gap:0\">\n<h1 class=\"wp-block-heading\">Printemps\u00ae tout-terrain pr\u00e9coce, stable et<\/h1>\n\n\n\n<p>&#8230;<\/p>\n<\/div>\n\n\n\n<a class=\"wp-block-microbio-blocks-button btn-size-default btn-icon\" style=\"margin-top:var(--wp--preset--spacing--space-m)\" target=\"\" href=\"https:\/\/elpinar.eu\/produccion-de-plantas-variedades\/\" rel=\"noopener\" title=\"Voir toutes les vari\u00e9t\u00e9s\"><span>Retour \u00e0 toutes les vari\u00e9t\u00e9s<\/span><svg width=\"15\" height=\"15\"><use xlink:href=\"\/wp-content\/themes\/el-pinar\/assets\/img\/el-pinar-icons.svg#arrow-up-right\"\/><\/svg><\/a>\n<\/div>\n<\/div>\n\n\n\n<div class=\"wp-block-microbio-blocks-grid-cell grid-row-1 grid-column-6 grid-column-mobile-4\" style=\"--mobile-order:-1\">\n<figure class=\"wp-block-image size-full w-100\"><img decoding=\"async\" width=\"2000\" height=\"1500\" src=\"https:\/\/elpinar.eu\/wp-content\/uploads\/2025\/12\/Primavera-098.webp\" alt=\"\" class=\"wp-image-4366\" srcset=\"https:\/\/elpinar.eu\/wp-content\/uploads\/2025\/12\/Primavera-098.webp 2000w, https:\/\/elpinar.eu\/wp-content\/uploads\/2025\/12\/Primavera-098-850x638.webp 850w, https:\/\/elpinar.eu\/wp-content\/uploads\/2025\/12\/Primavera-098-1200x900.webp 1200w, https:\/\/elpinar.eu\/wp-content\/uploads\/2025\/12\/Primavera-098-300x225.webp 300w, https:\/\/elpinar.eu\/wp-content\/uploads\/2025\/12\/Primavera-098-768x576.webp 768w, https:\/\/elpinar.eu\/wp-content\/uploads\/2025\/12\/Primavera-098-1024x768.webp 1024w, https:\/\/elpinar.eu\/wp-content\/uploads\/2025\/12\/Primavera-098-1536x1152.webp 1536w, https:\/\/elpinar.eu\/wp-content\/uploads\/2025\/12\/Primavera-098-500x375.webp 500w\" sizes=\"(max-width: 2000px) 100vw, 2000px\" \/><\/figure>\n<\/div>\n<\/div>\n<\/section>\n\n<section class=\"wp-block-microbio-blocks-section-v2 section-left-wide-img-blood single-plantas--sticky-section has-grey-light-2-background-color has-background child-full section-align-start alignfull force-blood\" style=\"--min-height:0;--min-height-mobile:0\" data-animation-enter=\"alpha\">\n<div class=\"wp-block-microbio-blocks-grid grid-align-stretch grid-gap-none\">\n<div class=\"wp-block-microbio-blocks-grid-cell grid-row-1 grid-column-6 grid-column-mobile-4 section-left-wide-img-blood--content section-left-wide-img-blood--content--table\" style=\"--mobile-order:\">\n<div class=\"wp-block-microbio-blocks-flex aligncenter flex-align-center flex-justify-start flex-columns no-wrap theme-margins table-header-cell has-primary-background-color has-background\" style=\"--custom-gap:32px\">\n<div class=\"wp-block-microbio-blocks-flex flex-align-start flex-justify-start flex-gap-0 half-cell-width\" style=\"--custom-gap:0\">\n<h2 class=\"wp-block-heading\">Fiche technique<\/h2>\n<\/div>\n<\/div>\n\n\n\n<div class=\"wp-block-microbio-blocks-flex flex-align-stretch flex-justify-start flex-gap-0 flex-columns no-wrap section-left-wide-img-blood--content--table--subgrid\" style=\"--custom-gap:0\">\n<div class=\"wp-block-microbio-blocks-flex aligncenter flex-align-center flex-justify-center no-wrap theme-margins\" style=\"--custom-gap:32px\">\n<div class=\"wp-block-microbio-blocks-flex aligncenter flex-align-center flex-justify-space-between flex-gap-0 no-wrap half-cell-width\" style=\"--custom-gap:0\">\n<h3 class=\"wp-block-heading has-heading-4-font-size\">Type de produit :<\/h3>\n\n\n\n<p>Fraise<\/p>\n<\/div>\n<\/div>\n\n\n\n<div class=\"wp-block-microbio-blocks-flex aligncenter flex-align-center flex-justify-center no-wrap theme-margins\" style=\"--custom-gap:32px\">\n<div class=\"wp-block-microbio-blocks-flex aligncenter flex-align-center flex-justify-space-between flex-gap-0 no-wrap half-cell-width\" style=\"--custom-gap:0\">\n<h3 class=\"wp-block-heading has-heading-4-font-size\">Type de vari\u00e9t\u00e9 :<\/h3>\n\n\n\n<p>Journ\u00e9e courte<\/p>\n<\/div>\n<\/div>\n\n\n\n<div class=\"wp-block-microbio-blocks-flex aligncenter flex-align-center flex-justify-center no-wrap theme-margins\" style=\"--custom-gap:32px\">\n<div class=\"wp-block-microbio-blocks-flex aligncenter flex-align-center flex-justify-space-between flex-gap-0 no-wrap half-cell-width\" style=\"--custom-gap:0\">\n<h3 class=\"wp-block-heading has-heading-4-font-size\">P\u00e9riode de production :<\/h3>\n\n\n\n<p>D\u00e9buts<\/p>\n<\/div>\n<\/div>\n\n\n\n<div class=\"wp-block-microbio-blocks-flex aligncenter flex-align-center flex-justify-center no-wrap theme-margins\" style=\"--custom-gap:32px\">\n<div class=\"wp-block-microbio-blocks-flex aligncenter flex-align-center flex-justify-space-between flex-gap-0 no-wrap half-cell-width\" style=\"--custom-gap:0\">\n<h3 class=\"wp-block-heading has-heading-4-font-size\">Type de plante :<\/h3>\n\n\n\n<p>Taille moyenne<\/p>\n<\/div>\n<\/div>\n\n\n\n<div class=\"wp-block-microbio-blocks-flex aligncenter flex-align-center flex-justify-center no-wrap theme-margins\" style=\"--custom-gap:32px\">\n<div class=\"wp-block-microbio-blocks-flex aligncenter flex-align-center flex-justify-space-between flex-gap-0 no-wrap half-cell-width\" style=\"--custom-gap:0\">\n<h3 class=\"wp-block-heading has-heading-4-font-size\">Taille du fruit :<\/h3>\n\n\n\n<p>Moyen<\/p>\n<\/div>\n<\/div>\n\n\n\n<div class=\"wp-block-microbio-blocks-flex aligncenter flex-align-center flex-justify-center no-wrap theme-margins\" style=\"--custom-gap:32px\">\n<div class=\"wp-block-microbio-blocks-flex aligncenter flex-align-center flex-justify-space-between flex-gap-0 no-wrap half-cell-width\" style=\"--custom-gap:0\">\n<h3 class=\"wp-block-heading has-heading-4-font-size\">Forme du fruit :<\/h3>\n\n\n\n<p>Conique<\/p>\n<\/div>\n<\/div>\n\n\n\n<div class=\"wp-block-microbio-blocks-flex aligncenter flex-align-center flex-justify-center no-wrap theme-margins\" style=\"--custom-gap:32px\">\n<div class=\"wp-block-microbio-blocks-flex aligncenter flex-align-center flex-justify-space-between flex-gap-0 no-wrap half-cell-width\" style=\"--custom-gap:0\">\n<h3 class=\"wp-block-heading has-heading-4-font-size\">Zone de production :<\/h3>\n\n\n\n<p class=\"has-body-font-size\">Climats temp\u00e9r\u00e9s ; Sud de l\u2019Espagne, reste de l\u2019arc m\u00e9diterran\u00e9en, Afrique du Nord.<\/p>\n<\/div>\n<\/div>\n<\/div>\n<\/div>\n\n\n\n<div class=\"wp-block-microbio-blocks-grid-cell grid-row-1 grid-column-6 grid-column-mobile-4\" style=\"--mobile-order:\">\n<figure class=\"wp-block-image size-full w-100\"><img decoding=\"async\" width=\"2000\" height=\"1500\" src=\"https:\/\/elpinar.eu\/wp-content\/uploads\/2025\/12\/Primavera-017.webp\" alt=\"\" class=\"wp-image-4367\" srcset=\"https:\/\/elpinar.eu\/wp-content\/uploads\/2025\/12\/Primavera-017.webp 2000w, https:\/\/elpinar.eu\/wp-content\/uploads\/2025\/12\/Primavera-017-850x638.webp 850w, https:\/\/elpinar.eu\/wp-content\/uploads\/2025\/12\/Primavera-017-1200x900.webp 1200w, https:\/\/elpinar.eu\/wp-content\/uploads\/2025\/12\/Primavera-017-300x225.webp 300w, https:\/\/elpinar.eu\/wp-content\/uploads\/2025\/12\/Primavera-017-768x576.webp 768w, https:\/\/elpinar.eu\/wp-content\/uploads\/2025\/12\/Primavera-017-1024x768.webp 1024w, https:\/\/elpinar.eu\/wp-content\/uploads\/2025\/12\/Primavera-017-1536x1152.webp 1536w, https:\/\/elpinar.eu\/wp-content\/uploads\/2025\/12\/Primavera-017-500x375.webp 500w\" sizes=\"(max-width: 2000px) 100vw, 2000px\" \/><\/figure>\n<\/div>\n<\/div>\n<\/section>\n\n<section class=\"wp-block-microbio-blocks-section-v2 section-left-wide-img-blood single-plantas--sticky-section has-grey-light-2-background-color has-background child-full section-align-start alignfull force-blood\" style=\"--min-height:0;--min-height-mobile:0\" data-animation-enter=\"alpha\">\n<div class=\"wp-block-microbio-blocks-grid grid-align-stretch grid-gap-none\">\n<div class=\"wp-block-microbio-blocks-grid-cell grid-row-1 grid-column-6 grid-column-mobile-4 section-left-wide-img-blood--content section-left-wide-img-blood--content--centered\" style=\"padding-top:var(--wp--preset--spacing--space-m);padding-bottom:var(--wp--preset--spacing--space-m);--mobile-order:\">\n<div class=\"wp-block-microbio-blocks-flex flex-align-start flex-justify-start flex-gap-0 flex-columns no-wrap theme-margins half-cell-width\" style=\"--custom-gap:0\">\n<h2 class=\"wp-block-heading\">Qu\u2019est-ce qui le rend sp\u00e9cial<\/h2>\n\n\n\n<p>La Primavera\u00ae est une vari\u00e9t\u00e9 de fraise tr\u00e8s pr\u00e9coce \u00e0 courte journ\u00e9e, qui maintient une production stable jusqu\u2019\u00e0 la fin de la saison.<\/p>\n\n\n\n<p>Son usine de taille moyenne et compacte facilite le travail de champ et assure une culture efficace.<\/p>\n\n\n\n<p>Les fruits, de taille moyenne \u00e0 grande et de forme conique homog\u00e8ne, se distinguent par leur coloration attrayante et uniforme tout au long de la campagne. Sa saveur, avec un Brix moyen-\u00e9lev\u00e9 et constant, est maintenue m\u00eame \u00e0 la production maximale. <\/p>\n\n\n\n<p>Une vari\u00e9t\u00e9 id\u00e9ale pour les march\u00e9s \u00e0 la recherche de fruits de qualit\u00e9 d\u00e8s le d\u00e9but de la saison.<\/p>\n<\/div>\n<\/div>\n\n\n\n<div class=\"wp-block-microbio-blocks-grid-cell grid-row-1 grid-column-6 grid-column-mobile-4\" style=\"--mobile-order:\">\n<div class=\"wp-block-microbio-blocks-before-after-slider fruit-before-after\">\n<div class=\"wp-block-microbio-blocks-flex flex-align-start flex-justify-start flex-gap-0 flex-columns no-wrap wp-block-microbio-blocks-before-after-slider--left\" style=\"--custom-gap:0\">\n<figure class=\"wp-block-image size-large\"><img decoding=\"async\" width=\"1024\" height=\"768\" src=\"https:\/\/elpinar.eu\/wp-content\/uploads\/2025\/12\/Primavera-092-1024x768.webp\" alt=\"\" class=\"wp-image-4369\" srcset=\"https:\/\/elpinar.eu\/wp-content\/uploads\/2025\/12\/Primavera-092-1024x768.webp 1024w, https:\/\/elpinar.eu\/wp-content\/uploads\/2025\/12\/Primavera-092-850x638.webp 850w, https:\/\/elpinar.eu\/wp-content\/uploads\/2025\/12\/Primavera-092-1200x900.webp 1200w, https:\/\/elpinar.eu\/wp-content\/uploads\/2025\/12\/Primavera-092-300x225.webp 300w, https:\/\/elpinar.eu\/wp-content\/uploads\/2025\/12\/Primavera-092-768x576.webp 768w, https:\/\/elpinar.eu\/wp-content\/uploads\/2025\/12\/Primavera-092-1536x1152.webp 1536w, https:\/\/elpinar.eu\/wp-content\/uploads\/2025\/12\/Primavera-092-500x375.webp 500w, https:\/\/elpinar.eu\/wp-content\/uploads\/2025\/12\/Primavera-092.webp 2000w\" sizes=\"(max-width: 1024px) 100vw, 1024px\" \/><\/figure>\n<\/div>\n\n\n\n<div class=\"wp-block-microbio-blocks-flex flex-align-start flex-justify-start flex-gap-0 flex-columns no-wrap wp-block-microbio-blocks-before-after-slider--right\" style=\"--custom-gap:0\">\n<figure class=\"wp-block-image size-large\"><img decoding=\"async\" width=\"1024\" height=\"768\" src=\"https:\/\/elpinar.eu\/wp-content\/uploads\/2025\/12\/Primavera-070-1024x768.webp\" alt=\"\" class=\"wp-image-4370\" srcset=\"https:\/\/elpinar.eu\/wp-content\/uploads\/2025\/12\/Primavera-070-1024x768.webp 1024w, https:\/\/elpinar.eu\/wp-content\/uploads\/2025\/12\/Primavera-070-850x638.webp 850w, https:\/\/elpinar.eu\/wp-content\/uploads\/2025\/12\/Primavera-070-1200x900.webp 1200w, https:\/\/elpinar.eu\/wp-content\/uploads\/2025\/12\/Primavera-070-300x225.webp 300w, https:\/\/elpinar.eu\/wp-content\/uploads\/2025\/12\/Primavera-070-768x576.webp 768w, https:\/\/elpinar.eu\/wp-content\/uploads\/2025\/12\/Primavera-070-1536x1152.webp 1536w, https:\/\/elpinar.eu\/wp-content\/uploads\/2025\/12\/Primavera-070-500x375.webp 500w, https:\/\/elpinar.eu\/wp-content\/uploads\/2025\/12\/Primavera-070.webp 2000w\" sizes=\"(max-width: 1024px) 100vw, 1024px\" \/><\/figure>\n<\/div>\n\n\n\n<span class=\"wp-block-microbio-blocks-icon icon-size-default wp-block-microbio-blocks-before-after-slider--drag-icon\"><svg><use xlink:href=\"\/wp-content\/plugins\/microbio-blocks\/assets\/images\/icons-library.svg?ver=2.0.3#arrows-left-right\"\/><\/svg><\/span>\n<\/div>\n<\/div>\n<\/div>\n<\/section>\n\n<section class=\"wp-block-microbio-blocks-section-v2 section-left-wide-img-blood single-plantas--sticky-section has-grey-light-2-background-color has-background child-full section-align-start alignfull force-blood\" style=\"--min-height:0;--min-height-mobile:0\" data-animation-enter=\"alpha\">\n<div class=\"wp-block-microbio-blocks-grid grid-align-stretch grid-gap-none\">\n<div class=\"wp-block-microbio-blocks-grid-cell grid-row-1 grid-column-6 grid-column-mobile-4 section-left-wide-img-blood--content section-left-wide-img-blood--content--table\" style=\"--mobile-order:\">\n<div class=\"wp-block-microbio-blocks-flex aligncenter flex-align-center flex-justify-start flex-columns no-wrap theme-margins table-header-cell has-green-light-background-color has-background\" style=\"--custom-gap:32px\">\n<div class=\"wp-block-microbio-blocks-flex flex-align-start flex-justify-start flex-gap-0 half-cell-width\" style=\"--custom-gap:0\">\n<h2 class=\"wp-block-heading\">Avantages pour l\u2019agriculteur<\/h2>\n<\/div>\n<\/div>\n\n\n\n<div class=\"wp-block-microbio-blocks-flex flex-align-stretch flex-justify-start flex-gap-0 flex-columns no-wrap section-left-wide-img-blood--content--table--subgrid\" style=\"--custom-gap:0\">\n<div class=\"wp-block-microbio-blocks-flex aligncenter flex-align-center flex-justify-center no-wrap theme-margins\" style=\"--custom-gap:32px\">\n<div class=\"wp-block-microbio-blocks-flex flex-align-stretch flex-justify-start flex-gap-0 no-wrap half-cell-width w-100\" style=\"--custom-gap:0\">\n<div class=\"wp-block-microbio-blocks-grid grid-align-center grid-gap-sm w-100 section-left-wide-img-blood--content--table--subgrid--icon-line\">\n<div class=\"wp-block-microbio-blocks-grid-cell grid-row-1 grid-column-2 grid-column-mobile-4\" style=\"--mobile-order:\">\n<span class=\"wp-block-microbio-blocks-icon icon-size-default has-secondary-color has-text-color has-link-color wp-elements-8a9f15a88f04a1f6cb2366ea5c11317a\"><svg><use xlink:href=\"\/wp-content\/themes\/el-pinar\/assets\/img\/el-pinar-icons.svg#arrow-up-right-dots\"\/><\/svg><\/span>\n<\/div>\n\n\n\n<div class=\"wp-block-microbio-blocks-grid-cell grid-row-1 grid-column-10 grid-column-mobile-4\" style=\"--mobile-order:\">\n<p><strong>Production stable et constante<\/strong> tout au long de la campagne.<\/p>\n<\/div>\n<\/div>\n<\/div>\n<\/div>\n\n\n\n<div class=\"wp-block-microbio-blocks-flex aligncenter flex-align-center flex-justify-center no-wrap theme-margins\" style=\"--custom-gap:32px\">\n<div class=\"wp-block-microbio-blocks-flex flex-align-stretch flex-justify-start flex-gap-0 no-wrap half-cell-width w-100\" style=\"--custom-gap:0\">\n<div class=\"wp-block-microbio-blocks-grid grid-align-center grid-gap-sm w-100 section-left-wide-img-blood--content--table--subgrid--icon-line\">\n<div class=\"wp-block-microbio-blocks-grid-cell grid-row-1 grid-column-2 grid-column-mobile-4\" style=\"--mobile-order:\">\n<span class=\"wp-block-microbio-blocks-icon icon-size-default has-secondary-color has-text-color has-link-color wp-elements-03427de6d61180d2f48cf5d4a59e3d6e\"><svg><use xlink:href=\"\/wp-content\/themes\/el-pinar\/assets\/img\/el-pinar-icons.svg#hand\"\/><\/svg><\/span>\n<\/div>\n\n\n\n<div class=\"wp-block-microbio-blocks-grid-cell grid-row-1 grid-column-10 grid-column-mobile-4\" style=\"--mobile-order:\">\n<p><strong>Des fruits homog\u00e8nes<\/strong> en forme et en couleur, faciles \u00e0 commercialiser.<\/p>\n<\/div>\n<\/div>\n<\/div>\n<\/div>\n\n\n\n<div class=\"wp-block-microbio-blocks-flex aligncenter flex-align-center flex-justify-center no-wrap theme-margins\" style=\"--custom-gap:32px\">\n<div class=\"wp-block-microbio-blocks-flex flex-align-stretch flex-justify-start flex-gap-0 no-wrap half-cell-width w-100\" style=\"--custom-gap:0\">\n<div class=\"wp-block-microbio-blocks-grid grid-align-center grid-gap-sm w-100 section-left-wide-img-blood--content--table--subgrid--icon-line\">\n<div class=\"wp-block-microbio-blocks-grid-cell grid-row-1 grid-column-2 grid-column-mobile-4\" style=\"--mobile-order:\">\n<span class=\"wp-block-microbio-blocks-icon icon-size-default has-secondary-color has-text-color has-link-color wp-elements-205deeab68ef2732340b7c8d5151796c\"><svg><use xlink:href=\"\/wp-content\/themes\/el-pinar\/assets\/img\/el-pinar-icons.svg#circle\"\/><\/svg><\/span>\n<\/div>\n\n\n\n<div class=\"wp-block-microbio-blocks-grid-cell grid-row-1 grid-column-10 grid-column-mobile-4\" style=\"--mobile-order:\">\n<p><strong>Saveur constante<\/strong> avec un Brix moyen-\u00e9lev\u00e9.<\/p>\n<\/div>\n<\/div>\n<\/div>\n<\/div>\n\n\n\n<div class=\"wp-block-microbio-blocks-flex aligncenter flex-align-center flex-justify-center no-wrap theme-margins\" style=\"--custom-gap:32px\">\n<div class=\"wp-block-microbio-blocks-flex flex-align-stretch flex-justify-start flex-gap-0 no-wrap half-cell-width w-100\" style=\"--custom-gap:0\">\n<div class=\"wp-block-microbio-blocks-grid grid-align-center grid-gap-sm w-100 section-left-wide-img-blood--content--table--subgrid--icon-line\">\n<div class=\"wp-block-microbio-blocks-grid-cell grid-row-1 grid-column-2 grid-column-mobile-4\" style=\"--mobile-order:\">\n<span class=\"wp-block-microbio-blocks-icon icon-size-default has-secondary-color has-text-color has-link-color wp-elements-e7e5d167b585df020a69c6aacd0c25b5\"><svg><use xlink:href=\"\/wp-content\/themes\/el-pinar\/assets\/img\/el-pinar-icons.svg#strawberry\"\/><\/svg><\/span>\n<\/div>\n\n\n\n<div class=\"wp-block-microbio-blocks-grid-cell grid-row-1 grid-column-10 grid-column-mobile-4\" style=\"--mobile-order:\">\n<p><strong>Plan d\u2019\u00e9tage compact et maniable<\/strong>, qui facilite le travail sur le terrain.<\/p>\n<\/div>\n<\/div>\n<\/div>\n<\/div>\n<\/div>\n<\/div>\n\n\n\n<div class=\"wp-block-microbio-blocks-grid-cell grid-row-1 grid-column-6 grid-column-mobile-4 section-left-wide-img-blood--content section-left-wide-img-blood--content--table\" style=\"--mobile-order:\">\n<div class=\"wp-block-microbio-blocks-flex aligncenter flex-align-center flex-justify-start flex-columns no-wrap theme-margins table-header-cell has-pink-background-color has-background\" style=\"--custom-gap:32px\">\n<div class=\"wp-block-microbio-blocks-flex flex-align-start flex-justify-start flex-gap-0 half-cell-width\" style=\"--custom-gap:0\">\n<h2 class=\"wp-block-heading\">Les experts et les consommateurs donnent leur avis<\/h2>\n<\/div>\n<\/div>\n\n\n\n<div class=\"wp-block-microbio-blocks-flex flex-align-stretch flex-justify-start flex-gap-0 flex-columns no-wrap section-left-wide-img-blood--content--table--subgrid\" style=\"--custom-gap:0\">\n<div class=\"wp-block-microbio-blocks-flex aligncenter flex-align-center flex-justify-center flex-columns no-wrap theme-margins\" style=\"--custom-gap:32px\">\n<div class=\"wp-block-microbio-blocks-flex flex-align-start flex-justify-start flex-gap-0 flex-columns theme-margins half-cell-width\" style=\"--custom-gap:0\">\n<h3 class=\"wp-block-heading\">Commentaire du technicien<\/h3>\n\n\n\n<p class=\"has-grey-medium-1-color has-text-color has-link-color wp-elements-80c4dc82f7b5a4c4e7311e6480c24a74\">Sp\u00e9cialiste agricole<\/p>\n\n\n\n<p>Primavera\u00ae est une plante de taille moyenne avec des besoins mod\u00e9r\u00e9s en fertilisation. Il est r\u00e9sistant aux ravageurs et aux maladies fongiques, et s\u2019adapte tr\u00e8s bien \u00e0 l\u2019utilisation d\u2019ennemis naturels gr\u00e2ce \u00e0 sa structure et \u00e0 sa forte production de pollen. <\/p>\n<\/div>\n<\/div>\n\n\n\n<div class=\"wp-block-microbio-blocks-flex aligncenter flex-align-center flex-justify-center flex-columns no-wrap theme-margins\" style=\"--custom-gap:32px\">\n<div class=\"wp-block-microbio-blocks-flex flex-align-start flex-justify-start flex-gap-0 flex-columns no-wrap theme-margins half-cell-width\" style=\"--custom-gap:0\">\n<h3 class=\"wp-block-heading\">Commentaire des consommateurs<\/h3>\n\n\n\n<p class=\"has-grey-medium-1-color has-text-color has-link-color wp-elements-301cd34805aa38d0fd59ee4c83170332\">Client satisfait<\/p>\n\n\n\n<p>\u00ab J\u2019adore pouvoir acheter des fruits de cette qualit\u00e9 si t\u00f4t. C\u2019est incroyable la couleur et la saveur qu\u2019elle a ! \u00bb<\/p>\n<\/div>\n<\/div>\n<\/div>\n<\/div>\n<\/div>\n<\/section>\n\n<section class=\"wp-block-microbio-blocks-section-v2 section-left-wide-img-blood single-plantas--sticky-section-last has-grey-light-2-background-color has-background child-full section-align-start alignfull force-blood\" style=\"--min-height:0;--min-height-mobile:0\" data-animation-enter=\"alpha\">\n<div class=\"wp-block-microbio-blocks-grid grid-align-stretch grid-gap-none\">\n<div class=\"wp-block-microbio-blocks-grid-cell grid-row-1 grid-column-6 grid-column-mobile-4 section-left-wide-img-blood--content section-left-wide-img-blood--content--table\" style=\"--mobile-order:\">\n<div class=\"wp-block-microbio-blocks-flex aligncenter flex-align-center flex-justify-start flex-columns no-wrap theme-margins table-header-cell has-primary-background-color has-background\" style=\"--custom-gap:32px\">\n<div class=\"wp-block-microbio-blocks-flex flex-align-start flex-justify-start flex-gap-0 half-cell-width\" style=\"--custom-gap:0\">\n<h2 class=\"wp-block-heading\">Fiche technique<\/h2>\n<\/div>\n<\/div>\n\n\n\n<div class=\"wp-block-microbio-blocks-flex flex-align-stretch flex-justify-start flex-gap-0 flex-columns no-wrap section-left-wide-img-blood--content--table--subgrid\" style=\"--custom-gap:0\">\n<div class=\"wp-block-microbio-blocks-flex aligncenter flex-align-center flex-justify-center no-wrap theme-margins\" style=\"--custom-gap:32px\">\n<div class=\"wp-block-microbio-blocks-flex aligncenter flex-align-center flex-justify-space-between flex-gap-0 no-wrap half-cell-width\" style=\"--custom-gap:0\">\n<h3 class=\"wp-block-heading has-heading-4-font-size\">Plante en pot :<\/h3>\n\n\n\n<p>Septembre et octobre<\/p>\n<\/div>\n<\/div>\n\n\n\n<div class=\"wp-block-microbio-blocks-flex aligncenter flex-align-center flex-justify-center no-wrap theme-margins\" style=\"--custom-gap:32px\">\n<div class=\"wp-block-microbio-blocks-flex aligncenter flex-align-center flex-justify-space-between flex-gap-0 no-wrap half-cell-width\" style=\"--custom-gap:0\">\n<h3 class=\"wp-block-heading has-heading-4-font-size\">Plante \u00e0 racines nues :<\/h3>\n\n\n\n<p>Octobre<\/p>\n<\/div>\n<\/div>\n\n\n\n<div class=\"wp-block-microbio-blocks-flex aligncenter flex-align-center flex-justify-center no-wrap theme-margins\" style=\"--custom-gap:32px\">\n<div class=\"wp-block-microbio-blocks-flex aligncenter flex-align-center flex-justify-space-between flex-gap-0 no-wrap half-cell-width\" style=\"--custom-gap:0\">\n<h3 class=\"wp-block-heading has-heading-4-font-size\">Plante frigo :<\/h3>\n\n\n\n<p>Juillet \u00e0 septembre<\/p>\n<\/div>\n<\/div>\n<\/div>\n<\/div>\n\n\n\n<div class=\"wp-block-microbio-blocks-grid-cell grid-row-1 grid-column-6 grid-column-mobile-4 fruit-map-cell\" style=\"--mobile-order:\">\n<div class=\"wp-block-microbio-blocks-flex flex-align-start flex-justify-start flex-gap-0 flex-columns no-wrap flex-max-width flex-align-self-center theme-margins\" style=\"padding-top:var(--wp--preset--spacing--space-lg);padding-bottom:var(--wp--preset--spacing--space-lg);--custom-gap:0;--flex-max-width:var(--_half-cell-width)\">\n<h2 class=\"wp-block-heading\">O\u00f9 le faire pousser<\/h2>\n\n\n\n<p>Primavera\u00ae s\u2019adapte tr\u00e8s bien aux climats temp\u00e9r\u00e9s : sud de l\u2019Espagne, arc m\u00e9diterran\u00e9en et Afrique du Nord.<\/p>\n<\/div>\n\n\n\n<figure class=\"wp-block-image size-full\"><img decoding=\"async\" width=\"960\" height=\"900\" src=\"https:\/\/elpinar.eu\/wp-content\/uploads\/2025\/12\/Mapa-variedad-dia-corto.svg\" alt=\"\" class=\"wp-image-4674\"\/><\/figure>\n<\/div>\n<\/div>\n<\/section>\n\n<section class=\"wp-block-microbio-blocks-section-v2 child-default section-align-center alignfull\" style=\"--min-height:400px;--min-height-mobile:400px;--focal:54% 78%;--focal-mobile:50% 50%\" data-animation-enter=\"alpha\"><figure class=\"wp-block-image size-full section-img-bg\"><img decoding=\"async\" width=\"2000\" height=\"1500\" src=\"https:\/\/elpinar.eu\/wp-content\/uploads\/2025\/12\/Primavera-079.webp\" alt=\"\" class=\"wp-image-4372\" srcset=\"https:\/\/elpinar.eu\/wp-content\/uploads\/2025\/12\/Primavera-079.webp 2000w, https:\/\/elpinar.eu\/wp-content\/uploads\/2025\/12\/Primavera-079-850x638.webp 850w, https:\/\/elpinar.eu\/wp-content\/uploads\/2025\/12\/Primavera-079-1200x900.webp 1200w, https:\/\/elpinar.eu\/wp-content\/uploads\/2025\/12\/Primavera-079-300x225.webp 300w, https:\/\/elpinar.eu\/wp-content\/uploads\/2025\/12\/Primavera-079-768x576.webp 768w, https:\/\/elpinar.eu\/wp-content\/uploads\/2025\/12\/Primavera-079-1024x768.webp 1024w, https:\/\/elpinar.eu\/wp-content\/uploads\/2025\/12\/Primavera-079-1536x1152.webp 1536w, https:\/\/elpinar.eu\/wp-content\/uploads\/2025\/12\/Primavera-079-500x375.webp 500w\" sizes=\"(max-width: 2000px) 100vw, 2000px\" \/><\/figure><\/section>\n\n<section class=\"wp-block-microbio-blocks-section-v2 svg-banner-bg has-pink-dark-background-color has-background child-wide section-align-center alignfull\" style=\"padding-top:var(--wp--preset--spacing--space-lg);padding-bottom:var(--wp--preset--spacing--space-lg);--min-height:0;--min-height-mobile:0;--focal:100% 54%;--focal-mobile:98% 50%\" data-animation-enter=\"alpha\"><figure class=\"wp-block-image size-full section-img-bg\"><img decoding=\"async\" width=\"650\" height=\"456\" src=\"https:\/\/elpinar.eu\/wp-content\/uploads\/2025\/11\/fresas-bg.svg\" alt=\"\" class=\"wp-image-209\"\/><\/figure>\n<div class=\"wp-block-microbio-blocks-flex flex-align-start flex-justify-start flex-gap-0 flex-columns no-wrap flex-max-width theme-margins\" style=\"--custom-gap:0;--flex-max-width:680px\">\n<h2 class=\"wp-block-heading\">Printemps\u00ae<\/h2>\n\n\n\n<p>Une vari\u00e9t\u00e9 pr\u00e9coce, polyvalente et constante, con\u00e7ue pour donner aux agriculteurs confiance et fra\u00eecheur sur le march\u00e9 d\u00e8s le d\u00e9but de la saison.<\/p>\n\n\n\n<a class=\"wp-block-microbio-blocks-button btn-size-default btn-icon is-style-light\" target=\"\" href=\"\" rel=\"noopener\" title=\"\"><span>Contactez maintenant<\/span><svg width=\"15\" height=\"15\"><use xlink:href=\"\/wp-content\/themes\/el-pinar\/assets\/img\/el-pinar-icons.svg#arrow-up-right\"\/><\/svg><\/a>\n<\/div>\n<\/section>\n","protected":false},"excerpt":{"rendered":"","protected":false},"featured_media":0,"menu_order":0,"template":"","meta":{"footnotes":""},"tipo-planta":[251],"class_list":["post-5196","plantas","type-plantas","status-publish","hentry","tipo-planta-journee-courte"],"_links":{"self":[{"href":"https:\/\/elpinar.eu\/fr\/wp-json\/wp\/v2\/plantas\/5196","targetHints":{"allow":["GET"]}}],"collection":[{"href":"https:\/\/elpinar.eu\/fr\/wp-json\/wp\/v2\/plantas"}],"about":[{"href":"https:\/\/elpinar.eu\/fr\/wp-json\/wp\/v2\/types\/plantas"}],"version-history":[{"count":2,"href":"https:\/\/elpinar.eu\/fr\/wp-json\/wp\/v2\/plantas\/5196\/revisions"}],"predecessor-version":[{"id":5208,"href":"https:\/\/elpinar.eu\/fr\/wp-json\/wp\/v2\/plantas\/5196\/revisions\/5208"}],"wp:attachment":[{"href":"https:\/\/elpinar.eu\/fr\/wp-json\/wp\/v2\/media?parent=5196"}],"wp:term":[{"taxonomy":"tipo-planta","embeddable":true,"href":"https:\/\/elpinar.eu\/fr\/wp-json\/wp\/v2\/tipo-planta?post=5196"}],"curies":[{"name":"wp","href":"https:\/\/api.w.org\/{rel}","templated":true}]}}